{"id":680,"date":"2025-01-29T12:23:44","date_gmt":"2025-01-29T17:23:44","guid":{"rendered":"https:\/\/www.aidscanada.ca\/?page_id=680"},"modified":"2025-04-11T10:27:48","modified_gmt":"2025-04-11T14:27:48","slug":"sida-canada","status":"publish","type":"page","link":"https:\/\/www.aidscanada.ca\/fr\/","title":{"rendered":"SIDA Canada"},"content":{"rendered":"<div class=\"wp-block-image\">\n<figure class=\"aligncenter size-large is-resized\"><img loading=\"lazy\" decoding=\"async\" width=\"1024\" height=\"332\" src=\"https:\/\/www.aidscanada.ca\/wp-content\/uploads\/2025\/02\/Website_Pavilion_2024_leaf_canada_tagline-1024x332.png\" alt=\"\" class=\"wp-image-871\" style=\"width:737px;height:auto\" srcset=\"https:\/\/www.aidscanada.ca\/wp-content\/uploads\/2025\/02\/Website_Pavilion_2024_leaf_canada_tagline-1024x332.png 1024w, https:\/\/www.aidscanada.ca\/wp-content\/uploads\/2025\/02\/Website_Pavilion_2024_leaf_canada_tagline-300x97.png 300w, https:\/\/www.aidscanada.ca\/wp-content\/uploads\/2025\/02\/Website_Pavilion_2024_leaf_canada_tagline-768x249.png 768w, https:\/\/www.aidscanada.ca\/wp-content\/uploads\/2025\/02\/Website_Pavilion_2024_leaf_canada_tagline-1536x498.png 1536w, https:\/\/www.aidscanada.ca\/wp-content\/uploads\/2025\/02\/Website_Pavilion_2024_leaf_canada_tagline-2048x664.png 2048w\" sizes=\"auto, (max-width: 1024px) 100vw, 1024px\" \/><\/figure>\n<\/div>\n\n\n<h2 class=\"wp-block-heading has-text-align-center\">Pavillon du Canada de la Lutte au VIH 2024<\/h2>\n\n\n\n<p>La Conf\u00e9rence internationale sur le sida est la premi\u00e8re plateforme mondiale pour c\u00e9l\u00e9brer les r\u00e9alisations, c\u00e9l\u00e9brer les succ\u00e8s et d\u00e9finir les orientations strat\u00e9giques de la riposte mondiale au VIH\/sida. La 25e Conf\u00e9rence internationale sur le sida, SIDA 2024, a eu lieu \u00e0 Munich, en Allemagne, ainsi que virtuellement du 22 au 26 juillet 2024.<\/p>\n\n\n\n<p>\u200bLe Pavillon du Canada \u00e0 <a href=\"https:\/\/www.iasociety.org\/conferences\/aids2024\" target=\"_blank\" rel=\"noreferrer noopener\">SIDA 2024<\/a> \u00e0 \u00e9t\u00e9 organis\u00e9 par l&rsquo;<a href=\"https:\/\/www.cahr-acrv.ca\/fr\/\" target=\"_blank\" rel=\"noreferrer noopener\">Association canadienne de recherche sur le VIH (ACRV)<\/a>.<\/p>\n\n\n\n<p>SIDA 2024 a offert une plateforme puissante pour s\u2019aligner strat\u00e9giquement autour d\u2019une r\u00e9ponse unifi\u00e9e et \u00e9quitable \u00e0 la pand\u00e9mie. Cela \u00e0 montr\u00e9 au monde que la riposte au VIH est unie derri\u00e8re une approche fond\u00e9e sur des donn\u00e9es probantes qui donne la priorit\u00e9 aux personnes.<\/p>\n\n\n\n<div style=\"height:61px\" aria-hidden=\"true\" class=\"wp-block-spacer\"><\/div>\n\n\n\n<figure class=\"wp-block-gallery has-nested-images columns-default is-cropped wp-block-gallery-1 is-layout-flex wp-block-gallery-is-layout-flex\">\n<figure class=\"wp-block-image size-large\"><img loading=\"lazy\" decoding=\"async\" width=\"1024\" height=\"837\" data-id=\"1064\" src=\"https:\/\/www.aidscanada.ca\/wp-content\/uploads\/2025\/03\/AIDSCanada3-1024x837.jpeg\" alt=\"\" class=\"wp-image-1064\" srcset=\"https:\/\/www.aidscanada.ca\/wp-content\/uploads\/2025\/03\/AIDSCanada3-1024x837.jpeg 1024w, https:\/\/www.aidscanada.ca\/wp-content\/uploads\/2025\/03\/AIDSCanada3-300x245.jpeg 300w, https:\/\/www.aidscanada.ca\/wp-content\/uploads\/2025\/03\/AIDSCanada3-768x628.jpeg 768w, https:\/\/www.aidscanada.ca\/wp-content\/uploads\/2025\/03\/AIDSCanada3-1536x1256.jpeg 1536w, https:\/\/www.aidscanada.ca\/wp-content\/uploads\/2025\/03\/AIDSCanada3-2048x1675.jpeg 2048w\" sizes=\"auto, (max-width: 1024px) 100vw, 1024px\" \/><\/figure>\n\n\n\n<figure class=\"wp-block-image size-large\"><img loading=\"lazy\" decoding=\"async\" width=\"1024\" height=\"817\" data-id=\"1062\" src=\"https:\/\/www.aidscanada.ca\/wp-content\/uploads\/2025\/03\/AIDSCanada2-1024x817.jpeg\" alt=\"\" class=\"wp-image-1062\" srcset=\"https:\/\/www.aidscanada.ca\/wp-content\/uploads\/2025\/03\/AIDSCanada2-1024x817.jpeg 1024w, https:\/\/www.aidscanada.ca\/wp-content\/uploads\/2025\/03\/AIDSCanada2-300x239.jpeg 300w, https:\/\/www.aidscanada.ca\/wp-content\/uploads\/2025\/03\/AIDSCanada2-768x613.jpeg 768w, https:\/\/www.aidscanada.ca\/wp-content\/uploads\/2025\/03\/AIDSCanada2-1536x1225.jpeg 1536w, https:\/\/www.aidscanada.ca\/wp-content\/uploads\/2025\/03\/AIDSCanada2-2048x1634.jpeg 2048w\" sizes=\"auto, (max-width: 1024px) 100vw, 1024px\" \/><\/figure>\n\n\n\n<figure class=\"wp-block-image size-large\"><img loading=\"lazy\" decoding=\"async\" width=\"1024\" height=\"685\" data-id=\"1060\" src=\"https:\/\/www.aidscanada.ca\/wp-content\/uploads\/2025\/03\/AIDSCanada1-1024x685.jpeg\" alt=\"\" class=\"wp-image-1060\" srcset=\"https:\/\/www.aidscanada.ca\/wp-content\/uploads\/2025\/03\/AIDSCanada1-1024x685.jpeg 1024w, https:\/\/www.aidscanada.ca\/wp-content\/uploads\/2025\/03\/AIDSCanada1-300x201.jpeg 300w, https:\/\/www.aidscanada.ca\/wp-content\/uploads\/2025\/03\/AIDSCanada1-768x514.jpeg 768w, https:\/\/www.aidscanada.ca\/wp-content\/uploads\/2025\/03\/AIDSCanada1-1536x1027.jpeg 1536w, https:\/\/www.aidscanada.ca\/wp-content\/uploads\/2025\/03\/AIDSCanada1-2048x1369.jpeg 2048w\" sizes=\"auto, (max-width: 1024px) 100vw, 1024px\" \/><\/figure>\n<\/figure>\n\n\n\n<div style=\"height:100px\" aria-hidden=\"true\" class=\"wp-block-spacer\"><\/div>\n\n\n\n\n\n  <\/div> <!-- ends .narrow-contained -->\n<div class=\"feature-cards-wrapper background-colour-light_grey\">\n        <div class=\"feature-cards\">\n                            <div class=\"feature-card feature-card-background-colour-yellow\">\n                                                    <div class=\"feature-card-content\">\n            <div class=\"feature-card-content-top\">\n                                                <a href=\"https:\/\/www.aidscanada.ca\/fr\/i-i\/\">\n                                  <h3>I = I<\/h3>\n                                  <\/a>\n                                          <\/div>\n                      <\/div>\n        <\/div>\n                                        <div class=\"feature-card feature-card-background-colour-black\">\n                                                    <div class=\"feature-card-content\">\n            <div class=\"feature-card-content-top\">\n                                                <a href=\"https:\/\/www.aidscanada.ca\/fr\/reduction-des-mefaits\/\">\n                                  <h3>R\u00e9duction des m\u00e9faits<\/h3>\n                                  <\/a>\n                                          <\/div>\n                      <\/div>\n        <\/div>\n                                        <div class=\"feature-card feature-card-background-colour-red\">\n                                                    <div class=\"feature-card-content\">\n            <div class=\"feature-card-content-top\">\n                                                <a href=\"https:\/\/www.aidscanada.ca\/fr\/stigmatisation\/\">\n                                  <h3>Stigmatisation<\/h3>\n                                  <\/a>\n                                          <\/div>\n                      <\/div>\n        <\/div>\n                                        <div class=\"feature-card feature-card-background-colour-green\">\n                                                    <div class=\"feature-card-content\">\n            <div class=\"feature-card-content-top\">\n                                                <a href=\"https:\/\/www.aidscanada.ca\/fr\/auto-test\/\">\n                                  <h3>Auto-test<\/h3>\n                                  <\/a>\n                                          <\/div>\n                      <\/div>\n        <\/div>\n                        <\/div>\n  <\/div>\n  <div class=\"narrow-contained\">\n\n\n\n\n<h2 class=\"wp-block-heading has-text-align-center\">Les Cibles 95-95-95<\/h2>\n\n\n\n<div class=\"key-stats-wrapper\">\n  <div class=\"key-stats\">\n          <div class=\"key-stat\">\n        <div class=\"key-stat-value colour-red\"\n          data-controller=\"countup\"\n          data-countup-start-value=\"0\"\n          data-countup-end-value=\"95\"\n          data-countup-prefix-value=\"\"\n          data-countup-suffix-value=\" %\"\n        >\n          95 %\n        <\/div>\n        <div class=\"key-stat-label\">\n          es personnes vivant avec le VIH connaissent leur statut s\u00e9rologique.\n        <\/div>\n      <\/div>\n          <div class=\"key-stat\">\n        <div class=\"key-stat-value colour-red\"\n          data-controller=\"countup\"\n          data-countup-start-value=\"0\"\n          data-countup-end-value=\"95\"\n          data-countup-prefix-value=\"\"\n          data-countup-suffix-value=\" %\"\n        >\n          95 %\n        <\/div>\n        <div class=\"key-stat-label\">\n          des personnes qui connaissent leur s\u00e9ropositivit\u00e9 soient sous traitement.\n        <\/div>\n      <\/div>\n          <div class=\"key-stat\">\n        <div class=\"key-stat-value colour-red\"\n          data-controller=\"countup\"\n          data-countup-start-value=\"0\"\n          data-countup-end-value=\"95\"\n          data-countup-prefix-value=\"\"\n          data-countup-suffix-value=\" %\"\n        >\n          95 %\n        <\/div>\n        <div class=\"key-stat-label\">\n          des personnes sous traitement aient une charge virale ind\u00e9tectable. \n        <\/div>\n      <\/div>\n      <\/div>\n<\/div>\n\n\n\n\n\n  <\/div> <!-- ends .narrow-contained -->\n<div class=\"feature-cards-wrapper background-colour-white\">\n        <div class=\"feature-cards\">\n                            <div class=\"feature-card feature-card-background-colour-yellow\">\n                                                    <div class=\"feature-card-content\">\n            <div class=\"feature-card-content-top\">\n                                                <a href=\"https:\/\/www.aidscanada.ca\/fr\/topic\/les-personnes\/\">\n                                  <h3>Les personnes<\/h3>\n                                  <\/a>\n                                          <\/div>\n                          <div class=\"feature-card-content-bottom\">\n                <div class=\"feature-card-text\">\n                  <p style=\"text-align: center;\">Pleins feux sur les gens, nos histoires, nos communaut\u00e9s<\/p>\n\n                <\/div>\n                              <\/div>\n                      <\/div>\n        <\/div>\n                                        <div class=\"feature-card feature-card-background-colour-blue\">\n                                                    <div class=\"feature-card-content\">\n            <div class=\"feature-card-content-top\">\n                                                <a href=\"https:\/\/www.aidscanada.ca\/fr\/topic\/les-politiques\/\">\n                                  <h3>Les politiques<\/h3>\n                                  <\/a>\n                                          <\/div>\n                          <div class=\"feature-card-content-bottom\">\n                <div class=\"feature-card-text\">\n                  <p style=\"text-align: center;\">Les politiques et les initiatives concernant le VIH au Canada<\/p>\n\n                <\/div>\n                              <\/div>\n                      <\/div>\n        <\/div>\n                                        <div class=\"feature-card feature-card-background-colour-red\">\n                                                    <div class=\"feature-card-content\">\n            <div class=\"feature-card-content-top\">\n                                                <a href=\"https:\/\/www.aidscanada.ca\/fr\/topic\/les-programmes\/\">\n                                  <h3>Les programmes<\/h3>\n                                  <\/a>\n                                          <\/div>\n                          <div class=\"feature-card-content-bottom\">\n                <div class=\"feature-card-text\">\n                  <p style=\"text-align: center;\">\nCommunaut\u00e9, soutien et \u00e9ducation par la programmation<\/p>\n\n                <\/div>\n                              <\/div>\n                      <\/div>\n        <\/div>\n                                        <div class=\"feature-card feature-card-background-colour-black\">\n                                                    <div class=\"feature-card-content\">\n            <div class=\"feature-card-content-top\">\n                                                <a href=\"https:\/\/www.aidscanada.ca\/fr\/topic\/a-linternational\/\">\n                                  <h3>\u00c0 l&rsquo;international<\/h3>\n                                  <\/a>\n                                          <\/div>\n                          <div class=\"feature-card-content-bottom\">\n                <div class=\"feature-card-text\">\n                  <p style=\"text-align: center;\">\nL&rsquo;implication canadienne dans la r\u00e9ponse mondiale face au VIH<\/p>\n\n                <\/div>\n                              <\/div>\n                      <\/div>\n        <\/div>\n                                        <div class=\"feature-card feature-card-background-colour-green\">\n                                                    <div class=\"feature-card-content\">\n            <div class=\"feature-card-content-top\">\n                                                <a href=\"https:\/\/www.aidscanada.ca\/fr\/topic\/la-recherche\/\">\n                                  <h3>La recherche<\/h3>\n                                  <\/a>\n                                          <\/div>\n                          <div class=\"feature-card-content-bottom\">\n                <div class=\"feature-card-text\">\n                  <p style=\"text-align: center;\">\nR\u00e9sultats de recherches men\u00e9es par des Canadiens<\/p>\n\n                <\/div>\n                              <\/div>\n                      <\/div>\n        <\/div>\n                        <\/div>\n  <\/div>\n  <div class=\"narrow-contained\">\n\n\n\n\n<h2 class=\"wp-block-heading\">S<strong>\u00e9<\/strong>ances en direct<\/h2>\n\n\n\n<p>Regardez les pr\u00e9sentations des ann\u00e9es pr\u00e9c\u00e9dentes!<\/p>\n\n\n  <\/div> <!-- ends .narrow-contained -->\n<div class=\"virtual-sessions-wrapper  carousel\">\n      <div class=\"glide__track\" data-glide-el=\"track\">\n    <ul class=\"glide__slides\">\n            <li class=\"glide__slide\"><div class=\"feature-card-slide-wrapper\">        <article class=\"virtual-session-thumbnail\" id=\"virtual-session-831\">\n\t\t\t<div class=\"virtual-session-thumbnail-thumb\">\n\t\t\t<a href=\"https:\/\/www.aidscanada.ca\/fr\/virtual-session\/welcome-and-overview-of-canadian-aboriginal-aids-network\/\">\n\t\t\t\t<img class=\"lazyload\" data-src=\"https:\/\/www.aidscanada.ca\/wp-content\/uploads\/2025\/02\/hqdefault-42-400x250-c-center.webp\" alt=\"\" \/>\n\t\t\t<\/a>\n\t\t<\/div>\n\t\t<div class=\"virtual-session-thumbnail-title\">\n\t\t<h2 class=\"h2\"><a href=\"https:\/\/www.aidscanada.ca\/fr\/virtual-session\/welcome-and-overview-of-canadian-aboriginal-aids-network\/\">Welcome and Overview of Canadian Aboriginal AIDS Network<\/a><\/h2>\n\t<\/div>\n<\/article>\n      <\/div><\/li>          <li class=\"glide__slide\"><div class=\"feature-card-slide-wrapper\">        <article class=\"virtual-session-thumbnail\" id=\"virtual-session-828\">\n\t\t\t<div class=\"virtual-session-thumbnail-thumb\">\n\t\t\t<a href=\"https:\/\/www.aidscanada.ca\/fr\/virtual-session\/strengthening-community-responses-to-hiv-gender-and-nutrition-through-twinning-partnerships\/\">\n\t\t\t\t<img class=\"lazyload\" data-src=\"https:\/\/www.aidscanada.ca\/wp-content\/uploads\/2025\/02\/hqdefault-41-400x250-c-center.webp\" alt=\"\" \/>\n\t\t\t<\/a>\n\t\t<\/div>\n\t\t<div class=\"virtual-session-thumbnail-title\">\n\t\t<h2 class=\"h2\"><a href=\"https:\/\/www.aidscanada.ca\/fr\/virtual-session\/strengthening-community-responses-to-hiv-gender-and-nutrition-through-twinning-partnerships\/\">Strengthening community responses to HIV, gender and nutrition through twinning partnerships<\/a><\/h2>\n\t<\/div>\n<\/article>\n      <\/div><\/li>          <li class=\"glide__slide\"><div class=\"feature-card-slide-wrapper\">        <article class=\"virtual-session-thumbnail\" id=\"virtual-session-825\">\n\t\t\t<div class=\"virtual-session-thumbnail-thumb\">\n\t\t\t<a href=\"https:\/\/www.aidscanada.ca\/fr\/virtual-session\/imagine-aids-2020\/\">\n\t\t\t\t<img class=\"lazyload\" data-src=\"https:\/\/www.aidscanada.ca\/wp-content\/uploads\/2025\/02\/hqdefault-40-400x250-c-center.webp\" alt=\"\" \/>\n\t\t\t<\/a>\n\t\t<\/div>\n\t\t<div class=\"virtual-session-thumbnail-title\">\n\t\t<h2 class=\"h2\"><a href=\"https:\/\/www.aidscanada.ca\/fr\/virtual-session\/imagine-aids-2020\/\">Imagine | AIDS 2020<\/a><\/h2>\n\t<\/div>\n<\/article>\n      <\/div><\/li>          <li class=\"glide__slide\"><div class=\"feature-card-slide-wrapper\">        <article class=\"virtual-session-thumbnail\" id=\"virtual-session-822\">\n\t\t\t<div class=\"virtual-session-thumbnail-thumb\">\n\t\t\t<a href=\"https:\/\/www.aidscanada.ca\/fr\/virtual-session\/simba-utano-health-is-power-aids-2020\/\">\n\t\t\t\t<img class=\"lazyload\" data-src=\"https:\/\/www.aidscanada.ca\/wp-content\/uploads\/2025\/02\/hqdefault-39-400x250-c-center.webp\" alt=\"\" \/>\n\t\t\t<\/a>\n\t\t<\/div>\n\t\t<div class=\"virtual-session-thumbnail-title\">\n\t\t<h2 class=\"h2\"><a href=\"https:\/\/www.aidscanada.ca\/fr\/virtual-session\/simba-utano-health-is-power-aids-2020\/\">Simba Utano (Health is Power) | AIDS 2020<\/a><\/h2>\n\t<\/div>\n<\/article>\n      <\/div><\/li>          <li class=\"glide__slide\"><div class=\"feature-card-slide-wrapper\">        <article class=\"virtual-session-thumbnail\" id=\"virtual-session-819\">\n\t\t\t<div class=\"virtual-session-thumbnail-thumb\">\n\t\t\t<a href=\"https:\/\/www.aidscanada.ca\/fr\/virtual-session\/in-convenient-comparisons-hiv-covid-19-aids-2020\/\">\n\t\t\t\t<img class=\"lazyload\" data-src=\"https:\/\/www.aidscanada.ca\/wp-content\/uploads\/2025\/02\/hqdefault-38-400x250-c-center.webp\" alt=\"\" \/>\n\t\t\t<\/a>\n\t\t<\/div>\n\t\t<div class=\"virtual-session-thumbnail-title\">\n\t\t<h2 class=\"h2\"><a href=\"https:\/\/www.aidscanada.ca\/fr\/virtual-session\/in-convenient-comparisons-hiv-covid-19-aids-2020\/\">In\/convenient Comparisons (HIV\/COVID-19) | AIDS 2020<\/a><\/h2>\n\t<\/div>\n<\/article>\n      <\/div><\/li>          <li class=\"glide__slide\"><div class=\"feature-card-slide-wrapper\">        <article class=\"virtual-session-thumbnail\" id=\"virtual-session-816\">\n\t\t\t<div class=\"virtual-session-thumbnail-thumb\">\n\t\t\t<a href=\"https:\/\/www.aidscanada.ca\/fr\/virtual-session\/the-marvin-chatbot-aids-2020\/\">\n\t\t\t\t<img class=\"lazyload\" data-src=\"https:\/\/www.aidscanada.ca\/wp-content\/uploads\/2025\/02\/hqdefault-37-400x250-c-center.webp\" alt=\"\" \/>\n\t\t\t<\/a>\n\t\t<\/div>\n\t\t<div class=\"virtual-session-thumbnail-title\">\n\t\t<h2 class=\"h2\"><a href=\"https:\/\/www.aidscanada.ca\/fr\/virtual-session\/the-marvin-chatbot-aids-2020\/\">The MARVIN Chatbot | AIDS 2020<\/a><\/h2>\n\t<\/div>\n<\/article>\n      <\/div><\/li>          <li class=\"glide__slide\"><div class=\"feature-card-slide-wrapper\">        <article class=\"virtual-session-thumbnail\" id=\"virtual-session-813\">\n\t\t\t<div class=\"virtual-session-thumbnail-thumb\">\n\t\t\t<a href=\"https:\/\/www.aidscanada.ca\/fr\/virtual-session\/legionella-an-underappreciated-but-important-pathogen-in-hiv-aids-2020\/\">\n\t\t\t\t<img class=\"lazyload\" data-src=\"https:\/\/www.aidscanada.ca\/wp-content\/uploads\/2025\/02\/hqdefault-36-400x250-c-center.webp\" alt=\"\" \/>\n\t\t\t<\/a>\n\t\t<\/div>\n\t\t<div class=\"virtual-session-thumbnail-title\">\n\t\t<h2 class=\"h2\"><a href=\"https:\/\/www.aidscanada.ca\/fr\/virtual-session\/legionella-an-underappreciated-but-important-pathogen-in-hiv-aids-2020\/\">Legionella- an underappreciated but important pathogen in HIV | AIDS 2020<\/a><\/h2>\n\t<\/div>\n<\/article>\n      <\/div><\/li>          <li class=\"glide__slide\"><div class=\"feature-card-slide-wrapper\">        <article class=\"virtual-session-thumbnail\" id=\"virtual-session-810\">\n\t\t\t<div class=\"virtual-session-thumbnail-thumb\">\n\t\t\t<a href=\"https:\/\/www.aidscanada.ca\/fr\/virtual-session\/all-you-need-to-know-about-prep-aids-2020\/\">\n\t\t\t\t<img class=\"lazyload\" data-src=\"https:\/\/www.aidscanada.ca\/wp-content\/uploads\/2025\/02\/hqdefault-35-400x250-c-center.webp\" alt=\"\" \/>\n\t\t\t<\/a>\n\t\t<\/div>\n\t\t<div class=\"virtual-session-thumbnail-title\">\n\t\t<h2 class=\"h2\"><a href=\"https:\/\/www.aidscanada.ca\/fr\/virtual-session\/all-you-need-to-know-about-prep-aids-2020\/\">All you need to know about PrEP! | AIDS 2020<\/a><\/h2>\n\t<\/div>\n<\/article>\n      <\/div><\/li>          <li class=\"glide__slide\"><div class=\"feature-card-slide-wrapper\">        <article class=\"virtual-session-thumbnail\" id=\"virtual-session-807\">\n\t\t\t<div class=\"virtual-session-thumbnail-thumb\">\n\t\t\t<a href=\"https:\/\/www.aidscanada.ca\/fr\/virtual-session\/culturally-specific-and-trauma-informed-stbbi-interventions-aids-2020\/\">\n\t\t\t\t<img class=\"lazyload\" data-src=\"https:\/\/www.aidscanada.ca\/wp-content\/uploads\/2025\/02\/hqdefault-34-400x250-c-center.webp\" alt=\"\" \/>\n\t\t\t<\/a>\n\t\t<\/div>\n\t\t<div class=\"virtual-session-thumbnail-title\">\n\t\t<h2 class=\"h2\"><a href=\"https:\/\/www.aidscanada.ca\/fr\/virtual-session\/culturally-specific-and-trauma-informed-stbbi-interventions-aids-2020\/\">Culturally Specific and Trauma Informed STBBI Interventions | AIDS 2020<\/a><\/h2>\n\t<\/div>\n<\/article>\n      <\/div><\/li>          <li class=\"glide__slide\"><div class=\"feature-card-slide-wrapper\">        <article class=\"virtual-session-thumbnail\" id=\"virtual-session-804\">\n\t\t\t<div class=\"virtual-session-thumbnail-thumb\">\n\t\t\t<a href=\"https:\/\/www.aidscanada.ca\/fr\/virtual-session\/cart-changes-and-side-effects-the-merging-of-statistics-and-voices-aids-2020\/\">\n\t\t\t\t<img class=\"lazyload\" data-src=\"https:\/\/www.aidscanada.ca\/wp-content\/uploads\/2025\/02\/hqdefault-33-400x250-c-center.webp\" alt=\"\" \/>\n\t\t\t<\/a>\n\t\t<\/div>\n\t\t<div class=\"virtual-session-thumbnail-title\">\n\t\t<h2 class=\"h2\"><a href=\"https:\/\/www.aidscanada.ca\/fr\/virtual-session\/cart-changes-and-side-effects-the-merging-of-statistics-and-voices-aids-2020\/\">cART Changes and Side Effects\u2014The Merging of Statistics and Voices | AIDS 2020<\/a><\/h2>\n\t<\/div>\n<\/article>\n      <\/div><\/li>          <li class=\"glide__slide\"><div class=\"feature-card-slide-wrapper\">        <article class=\"virtual-session-thumbnail\" id=\"virtual-session-801\">\n\t\t\t<div class=\"virtual-session-thumbnail-thumb\">\n\t\t\t<a href=\"https:\/\/www.aidscanada.ca\/fr\/virtual-session\/acb-program-science-aids-2020\/\">\n\t\t\t\t<img class=\"lazyload\" data-src=\"https:\/\/www.aidscanada.ca\/wp-content\/uploads\/2025\/02\/hqdefault-32-400x250-c-center.webp\" alt=\"\" \/>\n\t\t\t<\/a>\n\t\t<\/div>\n\t\t<div class=\"virtual-session-thumbnail-title\">\n\t\t<h2 class=\"h2\"><a href=\"https:\/\/www.aidscanada.ca\/fr\/virtual-session\/acb-program-science-aids-2020\/\">ACB Program Science | AIDS 2020<\/a><\/h2>\n\t<\/div>\n<\/article>\n      <\/div><\/li>          <li class=\"glide__slide\"><div class=\"feature-card-slide-wrapper\">        <article class=\"virtual-session-thumbnail\" id=\"virtual-session-798\">\n\t\t\t<div class=\"virtual-session-thumbnail-thumb\">\n\t\t\t<a href=\"https:\/\/www.aidscanada.ca\/fr\/virtual-session\/peer-driven-point-of-care-hiv-testing-for-african-caribbean-and-black-communities-aids-2020\/\">\n\t\t\t\t<img class=\"lazyload\" data-src=\"https:\/\/www.aidscanada.ca\/wp-content\/uploads\/2025\/02\/hqdefault-31-400x250-c-center.webp\" alt=\"\" \/>\n\t\t\t<\/a>\n\t\t<\/div>\n\t\t<div class=\"virtual-session-thumbnail-title\">\n\t\t<h2 class=\"h2\"><a href=\"https:\/\/www.aidscanada.ca\/fr\/virtual-session\/peer-driven-point-of-care-hiv-testing-for-african-caribbean-and-black-communities-aids-2020\/\">Peer Driven Point of Care HIV Testing for African Caribbean and Black Communities | AIDS 2020<\/a><\/h2>\n\t<\/div>\n<\/article>\n      <\/div><\/li>          <li class=\"glide__slide\"><div class=\"feature-card-slide-wrapper\">        <article class=\"virtual-session-thumbnail\" id=\"virtual-session-795\">\n\t\t\t<div class=\"virtual-session-thumbnail-thumb\">\n\t\t\t<a href=\"https:\/\/www.aidscanada.ca\/fr\/virtual-session\/global-perspectives-toward-a-rights-based-approach-to-self-care-interventions-aids2020\/\">\n\t\t\t\t<img class=\"lazyload\" data-src=\"https:\/\/www.aidscanada.ca\/wp-content\/uploads\/2025\/02\/hqdefault-30-400x250-c-center.webp\" alt=\"\" \/>\n\t\t\t<\/a>\n\t\t<\/div>\n\t\t<div class=\"virtual-session-thumbnail-title\">\n\t\t<h2 class=\"h2\"><a href=\"https:\/\/www.aidscanada.ca\/fr\/virtual-session\/global-perspectives-toward-a-rights-based-approach-to-self-care-interventions-aids2020\/\">Global perspectives toward a rights-based approach to self-care interventions | AIDS2020<\/a><\/h2>\n\t<\/div>\n<\/article>\n      <\/div><\/li>          <li class=\"glide__slide\"><div class=\"feature-card-slide-wrapper\">        <article class=\"virtual-session-thumbnail\" id=\"virtual-session-792\">\n\t\t\t<div class=\"virtual-session-thumbnail-thumb\">\n\t\t\t<a href=\"https:\/\/www.aidscanada.ca\/fr\/virtual-session\/cahr-2022-opening-ceremony\/\">\n\t\t\t\t<img class=\"lazyload\" data-src=\"https:\/\/www.aidscanada.ca\/wp-content\/uploads\/2025\/02\/hqdefault-29-400x250-c-center.webp\" alt=\"\" \/>\n\t\t\t<\/a>\n\t\t<\/div>\n\t\t<div class=\"virtual-session-thumbnail-title\">\n\t\t<h2 class=\"h2\"><a href=\"https:\/\/www.aidscanada.ca\/fr\/virtual-session\/cahr-2022-opening-ceremony\/\">CAHR 2022 Opening Ceremony<\/a><\/h2>\n\t<\/div>\n<\/article>\n      <\/div><\/li>          <li class=\"glide__slide\"><div class=\"feature-card-slide-wrapper\">        <article class=\"virtual-session-thumbnail\" id=\"virtual-session-789\">\n\t\t\t<div class=\"virtual-session-thumbnail-thumb\">\n\t\t\t<a href=\"https:\/\/www.aidscanada.ca\/fr\/virtual-session\/walk-with-me-culture-behaviour-health\/\">\n\t\t\t\t<img class=\"lazyload\" data-src=\"https:\/\/www.aidscanada.ca\/wp-content\/uploads\/2025\/02\/hqdefault-28-400x250-c-center.webp\" alt=\"\" \/>\n\t\t\t<\/a>\n\t\t<\/div>\n\t\t<div class=\"virtual-session-thumbnail-title\">\n\t\t<h2 class=\"h2\"><a href=\"https:\/\/www.aidscanada.ca\/fr\/virtual-session\/walk-with-me-culture-behaviour-health\/\">Walk with Me: Culture, Behaviour &#038; Health<\/a><\/h2>\n\t<\/div>\n<\/article>\n      <\/div><\/li>          <li class=\"glide__slide\"><div class=\"feature-card-slide-wrapper\">        <article class=\"virtual-session-thumbnail\" id=\"virtual-session-786\">\n\t\t\t<div class=\"virtual-session-thumbnail-thumb\">\n\t\t\t<a href=\"https:\/\/www.aidscanada.ca\/fr\/virtual-session\/cahr2021-epidemiology-public-health-keynote-epidemiologie-et-sante-publique\/\">\n\t\t\t\t<img class=\"lazyload\" data-src=\"https:\/\/www.aidscanada.ca\/wp-content\/uploads\/2025\/02\/hqdefault-27-400x250-c-center.webp\" alt=\"\" \/>\n\t\t\t<\/a>\n\t\t<\/div>\n\t\t<div class=\"virtual-session-thumbnail-title\">\n\t\t<h2 class=\"h2\"><a href=\"https:\/\/www.aidscanada.ca\/fr\/virtual-session\/cahr2021-epidemiology-public-health-keynote-epidemiologie-et-sante-publique\/\">CAHR2021 &#8211; Epidemiology &#038; Public Health Keynote \/ \u00c9pid\u00e9miologie et sant\u00e9 publique<\/a><\/h2>\n\t<\/div>\n<\/article>\n      <\/div><\/li>          <li class=\"glide__slide\"><div class=\"feature-card-slide-wrapper\">        <article class=\"virtual-session-thumbnail\" id=\"virtual-session-783\">\n\t\t\t<div class=\"virtual-session-thumbnail-thumb\">\n\t\t\t<a href=\"https:\/\/www.aidscanada.ca\/fr\/virtual-session\/cahr-2022-dr-mark-wainberg-lecture-dr-mona-loutfy\/\">\n\t\t\t\t<img class=\"lazyload\" data-src=\"https:\/\/www.aidscanada.ca\/wp-content\/uploads\/2025\/02\/hqdefault-26-400x250-c-center.webp\" alt=\"\" \/>\n\t\t\t<\/a>\n\t\t<\/div>\n\t\t<div class=\"virtual-session-thumbnail-title\">\n\t\t<h2 class=\"h2\"><a href=\"https:\/\/www.aidscanada.ca\/fr\/virtual-session\/cahr-2022-dr-mark-wainberg-lecture-dr-mona-loutfy\/\">CAHR 2022 Dr Mark Wainberg Lecture &#8211; Dr Mona Loutfy<\/a><\/h2>\n\t<\/div>\n<\/article>\n      <\/div><\/li>          <li class=\"glide__slide\"><div class=\"feature-card-slide-wrapper\">        <article class=\"virtual-session-thumbnail\" id=\"virtual-session-780\">\n\t\t\t<div class=\"virtual-session-thumbnail-thumb\">\n\t\t\t<a href=\"https:\/\/www.aidscanada.ca\/fr\/virtual-session\/cahr2021-social-sciences-keynote-presentation-allocution-douverture-en-sciences-sociales\/\">\n\t\t\t\t<img class=\"lazyload\" data-src=\"https:\/\/www.aidscanada.ca\/wp-content\/uploads\/2025\/02\/hqdefault-25-400x250-c-center.webp\" alt=\"\" \/>\n\t\t\t<\/a>\n\t\t<\/div>\n\t\t<div class=\"virtual-session-thumbnail-title\">\n\t\t<h2 class=\"h2\"><a href=\"https:\/\/www.aidscanada.ca\/fr\/virtual-session\/cahr2021-social-sciences-keynote-presentation-allocution-douverture-en-sciences-sociales\/\">CAHR2021 &#8211; Social Sciences Keynote Presentation \/ Allocution d\u2019ouverture en Sciences sociales<\/a><\/h2>\n\t<\/div>\n<\/article>\n      <\/div><\/li>          <li class=\"glide__slide\"><div class=\"feature-card-slide-wrapper\">        <article class=\"virtual-session-thumbnail\" id=\"virtual-session-777\">\n\t\t\t<div class=\"virtual-session-thumbnail-thumb\">\n\t\t\t<a href=\"https:\/\/www.aidscanada.ca\/fr\/virtual-session\/marvelous-hiv-story\/\">\n\t\t\t\t<img class=\"lazyload\" data-src=\"https:\/\/www.aidscanada.ca\/wp-content\/uploads\/2025\/02\/hqdefault-24-400x250-c-center.webp\" alt=\"\" \/>\n\t\t\t<\/a>\n\t\t<\/div>\n\t\t<div class=\"virtual-session-thumbnail-title\">\n\t\t<h2 class=\"h2\"><a href=\"https:\/\/www.aidscanada.ca\/fr\/virtual-session\/marvelous-hiv-story\/\">Marvelous\u2019 HIV story<\/a><\/h2>\n\t<\/div>\n<\/article>\n      <\/div><\/li>          <li class=\"glide__slide\"><div class=\"feature-card-slide-wrapper\">        <article class=\"virtual-session-thumbnail\" id=\"virtual-session-774\">\n\t\t\t<div class=\"virtual-session-thumbnail-thumb\">\n\t\t\t<a href=\"https:\/\/www.aidscanada.ca\/fr\/virtual-session\/pierres-hiv-story\/\">\n\t\t\t\t<img class=\"lazyload\" data-src=\"https:\/\/www.aidscanada.ca\/wp-content\/uploads\/2025\/02\/hqdefault-23-400x250-c-center.webp\" alt=\"\" \/>\n\t\t\t<\/a>\n\t\t<\/div>\n\t\t<div class=\"virtual-session-thumbnail-title\">\n\t\t<h2 class=\"h2\"><a href=\"https:\/\/www.aidscanada.ca\/fr\/virtual-session\/pierres-hiv-story\/\">Pierre\u2019s HIV story<\/a><\/h2>\n\t<\/div>\n<\/article>\n      <\/div><\/li>          <li class=\"glide__slide\"><div class=\"feature-card-slide-wrapper\">        <article class=\"virtual-session-thumbnail\" id=\"virtual-session-771\">\n\t\t\t<div class=\"virtual-session-thumbnail-thumb\">\n\t\t\t<a href=\"https:\/\/www.aidscanada.ca\/fr\/virtual-session\/dees-hiv-story\/\">\n\t\t\t\t<img class=\"lazyload\" data-src=\"https:\/\/www.aidscanada.ca\/wp-content\/uploads\/2025\/02\/hqdefault-22-400x250-c-center.webp\" alt=\"\" \/>\n\t\t\t<\/a>\n\t\t<\/div>\n\t\t<div class=\"virtual-session-thumbnail-title\">\n\t\t<h2 class=\"h2\"><a href=\"https:\/\/www.aidscanada.ca\/fr\/virtual-session\/dees-hiv-story\/\">Dee\u2019s HIV story<\/a><\/h2>\n\t<\/div>\n<\/article>\n      <\/div><\/li>          <li class=\"glide__slide\"><div class=\"feature-card-slide-wrapper\">        <article class=\"virtual-session-thumbnail\" id=\"virtual-session-768\">\n\t\t\t<div class=\"virtual-session-thumbnail-thumb\">\n\t\t\t<a href=\"https:\/\/www.aidscanada.ca\/fr\/virtual-session\/carlos-hiv-story\/\">\n\t\t\t\t<img class=\"lazyload\" data-src=\"https:\/\/www.aidscanada.ca\/wp-content\/uploads\/2025\/02\/hqdefault-21-400x250-c-center.webp\" alt=\"\" \/>\n\t\t\t<\/a>\n\t\t<\/div>\n\t\t<div class=\"virtual-session-thumbnail-title\">\n\t\t<h2 class=\"h2\"><a href=\"https:\/\/www.aidscanada.ca\/fr\/virtual-session\/carlos-hiv-story\/\">Carlos\u2019 HIV story<\/a><\/h2>\n\t<\/div>\n<\/article>\n      <\/div><\/li>          <li class=\"glide__slide\"><div class=\"feature-card-slide-wrapper\">        <article class=\"virtual-session-thumbnail\" id=\"virtual-session-765\">\n\t\t\t<div class=\"virtual-session-thumbnail-thumb\">\n\t\t\t<a href=\"https:\/\/www.aidscanada.ca\/fr\/virtual-session\/promo-30-entrevues-pour-nos-30-ans\/\">\n\t\t\t\t<img class=\"lazyload\" data-src=\"https:\/\/www.aidscanada.ca\/wp-content\/uploads\/2025\/02\/hqdefault-20-400x250-c-center.webp\" alt=\"\" \/>\n\t\t\t<\/a>\n\t\t<\/div>\n\t\t<div class=\"virtual-session-thumbnail-title\">\n\t\t<h2 class=\"h2\"><a href=\"https:\/\/www.aidscanada.ca\/fr\/virtual-session\/promo-30-entrevues-pour-nos-30-ans\/\">Promo 30 entrevues pour nos 30 ans<\/a><\/h2>\n\t<\/div>\n<\/article>\n      <\/div><\/li>          <li class=\"glide__slide\"><div class=\"feature-card-slide-wrapper\">        <article class=\"virtual-session-thumbnail\" id=\"virtual-session-762\">\n\t\t\t<div class=\"virtual-session-thumbnail-thumb\">\n\t\t\t<a href=\"https:\/\/www.aidscanada.ca\/fr\/virtual-session\/30-entrevues-pour-30-ans-alexandre-alaoui\/\">\n\t\t\t\t<img class=\"lazyload\" data-src=\"https:\/\/www.aidscanada.ca\/wp-content\/uploads\/2025\/02\/hqdefault-19-400x250-c-center.webp\" alt=\"\" \/>\n\t\t\t<\/a>\n\t\t<\/div>\n\t\t<div class=\"virtual-session-thumbnail-title\">\n\t\t<h2 class=\"h2\"><a href=\"https:\/\/www.aidscanada.ca\/fr\/virtual-session\/30-entrevues-pour-30-ans-alexandre-alaoui\/\">30 entrevues pour 30 ans : Alexandre Alaoui<\/a><\/h2>\n\t<\/div>\n<\/article>\n      <\/div><\/li>          <li class=\"glide__slide\"><div class=\"feature-card-slide-wrapper\">        <article class=\"virtual-session-thumbnail\" id=\"virtual-session-759\">\n\t\t\t<div class=\"virtual-session-thumbnail-thumb\">\n\t\t\t<a href=\"https:\/\/www.aidscanada.ca\/fr\/virtual-session\/30-entrevues-pour-30-ans-soeur-analin-trusion\/\">\n\t\t\t\t<img class=\"lazyload\" data-src=\"https:\/\/www.aidscanada.ca\/wp-content\/uploads\/2025\/02\/hqdefault-18-400x250-c-center.webp\" alt=\"\" \/>\n\t\t\t<\/a>\n\t\t<\/div>\n\t\t<div class=\"virtual-session-thumbnail-title\">\n\t\t<h2 class=\"h2\"><a href=\"https:\/\/www.aidscanada.ca\/fr\/virtual-session\/30-entrevues-pour-30-ans-soeur-analin-trusion\/\">30 entrevues pour 30 ans : S\u0153ur Analin Trusion<\/a><\/h2>\n\t<\/div>\n<\/article>\n      <\/div><\/li>          <li class=\"glide__slide\"><div class=\"feature-card-slide-wrapper\">        <article class=\"virtual-session-thumbnail\" id=\"virtual-session-756\">\n\t\t\t<div class=\"virtual-session-thumbnail-thumb\">\n\t\t\t<a href=\"https:\/\/www.aidscanada.ca\/fr\/virtual-session\/30-entrevues-pour-30-ans-andre-charest\/\">\n\t\t\t\t<img class=\"lazyload\" data-src=\"https:\/\/www.aidscanada.ca\/wp-content\/uploads\/2025\/02\/hqdefault-17-400x250-c-center.webp\" alt=\"\" \/>\n\t\t\t<\/a>\n\t\t<\/div>\n\t\t<div class=\"virtual-session-thumbnail-title\">\n\t\t<h2 class=\"h2\"><a href=\"https:\/\/www.aidscanada.ca\/fr\/virtual-session\/30-entrevues-pour-30-ans-andre-charest\/\">30 entrevues pour 30 ans : Andr\u00e9 Charest<\/a><\/h2>\n\t<\/div>\n<\/article>\n      <\/div><\/li>          <li class=\"glide__slide\"><div class=\"feature-card-slide-wrapper\">        <article class=\"virtual-session-thumbnail\" id=\"virtual-session-753\">\n\t\t\t<div class=\"virtual-session-thumbnail-thumb\">\n\t\t\t<a href=\"https:\/\/www.aidscanada.ca\/fr\/virtual-session\/aids-2022-ctn-mini-video-podcast-postdocs\/\">\n\t\t\t\t<img class=\"lazyload\" data-src=\"https:\/\/www.aidscanada.ca\/wp-content\/uploads\/2025\/02\/hqdefault-16-400x250-c-center.webp\" alt=\"\" \/>\n\t\t\t<\/a>\n\t\t<\/div>\n\t\t<div class=\"virtual-session-thumbnail-title\">\n\t\t<h2 class=\"h2\"><a href=\"https:\/\/www.aidscanada.ca\/fr\/virtual-session\/aids-2022-ctn-mini-video-podcast-postdocs\/\">AIDS 2022 CTN Mini Video Podcast Postdocs<\/a><\/h2>\n\t<\/div>\n<\/article>\n      <\/div><\/li>          <li class=\"glide__slide\"><div class=\"feature-card-slide-wrapper\">        <article class=\"virtual-session-thumbnail\" id=\"virtual-session-750\">\n\t\t\t<div class=\"virtual-session-thumbnail-thumb\">\n\t\t\t<a href=\"https:\/\/www.aidscanada.ca\/fr\/virtual-session\/celebrating-30-years-of-the-ctn\/\">\n\t\t\t\t<img class=\"lazyload\" data-src=\"https:\/\/www.aidscanada.ca\/wp-content\/uploads\/2025\/02\/hqdefault-15-400x250-c-center.webp\" alt=\"\" \/>\n\t\t\t<\/a>\n\t\t<\/div>\n\t\t<div class=\"virtual-session-thumbnail-title\">\n\t\t<h2 class=\"h2\"><a href=\"https:\/\/www.aidscanada.ca\/fr\/virtual-session\/celebrating-30-years-of-the-ctn\/\">Celebrating 30 years of the CTN<\/a><\/h2>\n\t<\/div>\n<\/article>\n      <\/div><\/li>          <li class=\"glide__slide\"><div class=\"feature-card-slide-wrapper\">        <article class=\"virtual-session-thumbnail\" id=\"virtual-session-747\">\n\t\t\t<div class=\"virtual-session-thumbnail-thumb\">\n\t\t\t<a href=\"https:\/\/www.aidscanada.ca\/fr\/virtual-session\/canada-pavilion-at-aids-2022-remarques-du-dre-tam-administratrice-en-chef-de-la-sante-publique\/\">\n\t\t\t\t<img class=\"lazyload\" data-src=\"https:\/\/www.aidscanada.ca\/wp-content\/uploads\/2025\/02\/hqdefault-14-400x250-c-center.webp\" alt=\"\" \/>\n\t\t\t<\/a>\n\t\t<\/div>\n\t\t<div class=\"virtual-session-thumbnail-title\">\n\t\t<h2 class=\"h2\"><a href=\"https:\/\/www.aidscanada.ca\/fr\/virtual-session\/canada-pavilion-at-aids-2022-remarques-du-dre-tam-administratrice-en-chef-de-la-sante-publique\/\">Canada Pavilion at AIDS 2022: Remarques du Dre Tam, Administratrice en chef de la sant\u00e9 publique<\/a><\/h2>\n\t<\/div>\n<\/article>\n      <\/div><\/li>          <li class=\"glide__slide\"><div class=\"feature-card-slide-wrapper\">        <article class=\"virtual-session-thumbnail\" id=\"virtual-session-744\">\n\t\t\t<div class=\"virtual-session-thumbnail-thumb\">\n\t\t\t<a href=\"https:\/\/www.aidscanada.ca\/fr\/virtual-session\/canada-pavilion-at-aids-2022-remarks-from-dr-theresa-tam-canadas-chief-public-health-officer\/\">\n\t\t\t\t<img class=\"lazyload\" data-src=\"https:\/\/www.aidscanada.ca\/wp-content\/uploads\/2025\/02\/hqdefault-13-400x250-c-center.webp\" alt=\"\" \/>\n\t\t\t<\/a>\n\t\t<\/div>\n\t\t<div class=\"virtual-session-thumbnail-title\">\n\t\t<h2 class=\"h2\"><a href=\"https:\/\/www.aidscanada.ca\/fr\/virtual-session\/canada-pavilion-at-aids-2022-remarks-from-dr-theresa-tam-canadas-chief-public-health-officer\/\">Canada Pavilion at AIDS 2022: Remarks from Dr. Theresa Tam, Canada&rsquo;s Chief Public Health Officer<\/a><\/h2>\n\t<\/div>\n<\/article>\n      <\/div><\/li>          <li class=\"glide__slide\"><div class=\"feature-card-slide-wrapper\">        <article class=\"virtual-session-thumbnail\" id=\"virtual-session-741\">\n\t\t\t<div class=\"virtual-session-thumbnail-thumb\">\n\t\t\t<a href=\"https:\/\/www.aidscanada.ca\/fr\/virtual-session\/pavillon-du-canada-a-aids2022-allocution-de-bienvenue-du-premier-ministre-le-conseil-des-ministres\/\">\n\t\t\t\t<img class=\"lazyload\" data-src=\"https:\/\/www.aidscanada.ca\/wp-content\/uploads\/2025\/02\/hqdefault-12-400x250-c-center.webp\" alt=\"\" \/>\n\t\t\t<\/a>\n\t\t<\/div>\n\t\t<div class=\"virtual-session-thumbnail-title\">\n\t\t<h2 class=\"h2\"><a href=\"https:\/\/www.aidscanada.ca\/fr\/virtual-session\/pavillon-du-canada-a-aids2022-allocution-de-bienvenue-du-premier-ministre-le-conseil-des-ministres\/\">Pavillon du Canada \u00e0 AIDS2022-Allocution de bienvenue du premier ministre &#038; le conseil des ministres<\/a><\/h2>\n\t<\/div>\n<\/article>\n      <\/div><\/li>          <li class=\"glide__slide\"><div class=\"feature-card-slide-wrapper\">        <article class=\"virtual-session-thumbnail\" id=\"virtual-session-738\">\n\t\t\t<div class=\"virtual-session-thumbnail-thumb\">\n\t\t\t<a href=\"https:\/\/www.aidscanada.ca\/fr\/virtual-session\/canada-pavilion-at-aids-2022-welcome-from-prime-minister-justin-trudeau-the-canadian-ministry\/\">\n\t\t\t\t<img class=\"lazyload\" data-src=\"https:\/\/www.aidscanada.ca\/wp-content\/uploads\/2025\/02\/hqdefault-11-400x250-c-center.webp\" alt=\"\" \/>\n\t\t\t<\/a>\n\t\t<\/div>\n\t\t<div class=\"virtual-session-thumbnail-title\">\n\t\t<h2 class=\"h2\"><a href=\"https:\/\/www.aidscanada.ca\/fr\/virtual-session\/canada-pavilion-at-aids-2022-welcome-from-prime-minister-justin-trudeau-the-canadian-ministry\/\">Canada Pavilion at AIDS 2022: Welcome from Prime Minister Justin Trudeau &#038; the Canadian Ministry<\/a><\/h2>\n\t<\/div>\n<\/article>\n      <\/div><\/li>          <li class=\"glide__slide\"><div class=\"feature-card-slide-wrapper\">        <article class=\"virtual-session-thumbnail\" id=\"virtual-session-735\">\n\t\t\t<div class=\"virtual-session-thumbnail-thumb\">\n\t\t\t<a href=\"https:\/\/www.aidscanada.ca\/fr\/virtual-session\/global-lessons-local-actions-ashley-rose-murphy\/\">\n\t\t\t\t<img class=\"lazyload\" data-src=\"https:\/\/www.aidscanada.ca\/wp-content\/uploads\/2025\/02\/hqdefault-10-400x250-c-center.webp\" alt=\"\" \/>\n\t\t\t<\/a>\n\t\t<\/div>\n\t\t<div class=\"virtual-session-thumbnail-title\">\n\t\t<h2 class=\"h2\"><a href=\"https:\/\/www.aidscanada.ca\/fr\/virtual-session\/global-lessons-local-actions-ashley-rose-murphy\/\">Global Lessons, Local Actions: Ashley Rose Murphy<\/a><\/h2>\n\t<\/div>\n<\/article>\n      <\/div><\/li>          <li class=\"glide__slide\"><div class=\"feature-card-slide-wrapper\">        <article class=\"virtual-session-thumbnail\" id=\"virtual-session-732\">\n\t\t\t<div class=\"virtual-session-thumbnail-thumb\">\n\t\t\t<a href=\"https:\/\/www.aidscanada.ca\/fr\/virtual-session\/global-lessons-local-actions-claudette-cardinal\/\">\n\t\t\t\t<img class=\"lazyload\" data-src=\"https:\/\/www.aidscanada.ca\/wp-content\/uploads\/2025\/02\/hqdefault-9-400x250-c-center.webp\" alt=\"\" \/>\n\t\t\t<\/a>\n\t\t<\/div>\n\t\t<div class=\"virtual-session-thumbnail-title\">\n\t\t<h2 class=\"h2\"><a href=\"https:\/\/www.aidscanada.ca\/fr\/virtual-session\/global-lessons-local-actions-claudette-cardinal\/\">Global Lessons, Local Actions: Claudette Cardinal<\/a><\/h2>\n\t<\/div>\n<\/article>\n      <\/div><\/li>          <li class=\"glide__slide\"><div class=\"feature-card-slide-wrapper\">        <article class=\"virtual-session-thumbnail\" id=\"virtual-session-729\">\n\t\t\t<div class=\"virtual-session-thumbnail-thumb\">\n\t\t\t<a href=\"https:\/\/www.aidscanada.ca\/fr\/virtual-session\/global-lessons-local-actions-gabriel-jarquin\/\">\n\t\t\t\t<img class=\"lazyload\" data-src=\"https:\/\/www.aidscanada.ca\/wp-content\/uploads\/2025\/02\/hqdefault-8-400x250-c-center.webp\" alt=\"\" \/>\n\t\t\t<\/a>\n\t\t<\/div>\n\t\t<div class=\"virtual-session-thumbnail-title\">\n\t\t<h2 class=\"h2\"><a href=\"https:\/\/www.aidscanada.ca\/fr\/virtual-session\/global-lessons-local-actions-gabriel-jarquin\/\">Global Lessons, Local Actions: Gabriel Jarquin<\/a><\/h2>\n\t<\/div>\n<\/article>\n      <\/div><\/li>          <li class=\"glide__slide\"><div class=\"feature-card-slide-wrapper\">        <article class=\"virtual-session-thumbnail\" id=\"virtual-session-726\">\n\t\t\t<div class=\"virtual-session-thumbnail-thumb\">\n\t\t\t<a href=\"https:\/\/www.aidscanada.ca\/fr\/virtual-session\/global-lessons-local-actions-christian-hui\/\">\n\t\t\t\t<img class=\"lazyload\" data-src=\"https:\/\/www.aidscanada.ca\/wp-content\/uploads\/2025\/02\/hqdefault-7-400x250-c-center.webp\" alt=\"\" \/>\n\t\t\t<\/a>\n\t\t<\/div>\n\t\t<div class=\"virtual-session-thumbnail-title\">\n\t\t<h2 class=\"h2\"><a href=\"https:\/\/www.aidscanada.ca\/fr\/virtual-session\/global-lessons-local-actions-christian-hui\/\">Global Lessons, Local Actions: Christian Hui<\/a><\/h2>\n\t<\/div>\n<\/article>\n      <\/div><\/li>          <li class=\"glide__slide\"><div class=\"feature-card-slide-wrapper\">        <article class=\"virtual-session-thumbnail\" id=\"virtual-session-723\">\n\t\t\t<div class=\"virtual-session-thumbnail-thumb\">\n\t\t\t<a href=\"https:\/\/www.aidscanada.ca\/fr\/virtual-session\/global-lessons-local-actions-harvey-michele\/\">\n\t\t\t\t<img class=\"lazyload\" data-src=\"https:\/\/www.aidscanada.ca\/wp-content\/uploads\/2025\/02\/hqdefault-6-400x250-c-center.webp\" alt=\"\" \/>\n\t\t\t<\/a>\n\t\t<\/div>\n\t\t<div class=\"virtual-session-thumbnail-title\">\n\t\t<h2 class=\"h2\"><a href=\"https:\/\/www.aidscanada.ca\/fr\/virtual-session\/global-lessons-local-actions-harvey-michele\/\">Global Lessons, Local Actions: Harvey Michele<\/a><\/h2>\n\t<\/div>\n<\/article>\n      <\/div><\/li>          <li class=\"glide__slide\"><div class=\"feature-card-slide-wrapper\">        <article class=\"virtual-session-thumbnail\" id=\"virtual-session-720\">\n\t\t\t<div class=\"virtual-session-thumbnail-thumb\">\n\t\t\t<a href=\"https:\/\/www.aidscanada.ca\/fr\/virtual-session\/global-lessons-local-actions-trevor-stratton\/\">\n\t\t\t\t<img class=\"lazyload\" data-src=\"https:\/\/www.aidscanada.ca\/wp-content\/uploads\/2025\/02\/hqdefault-5-400x250-c-center.webp\" alt=\"\" \/>\n\t\t\t<\/a>\n\t\t<\/div>\n\t\t<div class=\"virtual-session-thumbnail-title\">\n\t\t<h2 class=\"h2\"><a href=\"https:\/\/www.aidscanada.ca\/fr\/virtual-session\/global-lessons-local-actions-trevor-stratton\/\">Global Lessons, Local Actions: Trevor Stratton<\/a><\/h2>\n\t<\/div>\n<\/article>\n      <\/div><\/li>          <li class=\"glide__slide\"><div class=\"feature-card-slide-wrapper\">        <article class=\"virtual-session-thumbnail\" id=\"virtual-session-717\">\n\t\t\t<div class=\"virtual-session-thumbnail-thumb\">\n\t\t\t<a href=\"https:\/\/www.aidscanada.ca\/fr\/virtual-session\/global-lessons-local-actions-muluba-habanyama\/\">\n\t\t\t\t<img class=\"lazyload\" data-src=\"https:\/\/www.aidscanada.ca\/wp-content\/uploads\/2025\/02\/hqdefault-4-400x250-c-center.webp\" alt=\"\" \/>\n\t\t\t<\/a>\n\t\t<\/div>\n\t\t<div class=\"virtual-session-thumbnail-title\">\n\t\t<h2 class=\"h2\"><a href=\"https:\/\/www.aidscanada.ca\/fr\/virtual-session\/global-lessons-local-actions-muluba-habanyama\/\">Global Lessons, Local Actions: Muluba Habanyama<\/a><\/h2>\n\t<\/div>\n<\/article>\n      <\/div><\/li>          <li class=\"glide__slide\"><div class=\"feature-card-slide-wrapper\">        <article class=\"virtual-session-thumbnail\" id=\"virtual-session-714\">\n\t\t\t<div class=\"virtual-session-thumbnail-thumb\">\n\t\t\t<a href=\"https:\/\/www.aidscanada.ca\/fr\/virtual-session\/global-lessons-global-actions-jade-elektra\/\">\n\t\t\t\t<img class=\"lazyload\" data-src=\"https:\/\/www.aidscanada.ca\/wp-content\/uploads\/2025\/02\/hqdefault-3-400x250-c-center.webp\" alt=\"\" \/>\n\t\t\t<\/a>\n\t\t<\/div>\n\t\t<div class=\"virtual-session-thumbnail-title\">\n\t\t<h2 class=\"h2\"><a href=\"https:\/\/www.aidscanada.ca\/fr\/virtual-session\/global-lessons-global-actions-jade-elektra\/\">Global Lessons, Global Actions: Jade Elektra<\/a><\/h2>\n\t<\/div>\n<\/article>\n      <\/div><\/li>          <li class=\"glide__slide\"><div class=\"feature-card-slide-wrapper\">        <article class=\"virtual-session-thumbnail\" id=\"virtual-session-711\">\n\t\t\t<div class=\"virtual-session-thumbnail-thumb\">\n\t\t\t<a href=\"https:\/\/www.aidscanada.ca\/fr\/virtual-session\/global-lessons-local-actions-maureen-owino\/\">\n\t\t\t\t<img class=\"lazyload\" data-src=\"https:\/\/www.aidscanada.ca\/wp-content\/uploads\/2025\/02\/hqdefault-2-400x250-c-center.webp\" alt=\"\" \/>\n\t\t\t<\/a>\n\t\t<\/div>\n\t\t<div class=\"virtual-session-thumbnail-title\">\n\t\t<h2 class=\"h2\"><a href=\"https:\/\/www.aidscanada.ca\/fr\/virtual-session\/global-lessons-local-actions-maureen-owino\/\">Global Lessons, Local Actions: Maureen Owino<\/a><\/h2>\n\t<\/div>\n<\/article>\n      <\/div><\/li>          <li class=\"glide__slide\"><div class=\"feature-card-slide-wrapper\">        <article class=\"virtual-session-thumbnail\" id=\"virtual-session-708\">\n\t\t\t<div class=\"virtual-session-thumbnail-thumb\">\n\t\t\t<a href=\"https:\/\/www.aidscanada.ca\/fr\/virtual-session\/global-lessons-local-actions-martin-morberg\/\">\n\t\t\t\t<img class=\"lazyload\" data-src=\"https:\/\/www.aidscanada.ca\/wp-content\/uploads\/2025\/02\/hqdefault-1-400x250-c-center.webp\" alt=\"\" \/>\n\t\t\t<\/a>\n\t\t<\/div>\n\t\t<div class=\"virtual-session-thumbnail-title\">\n\t\t<h2 class=\"h2\"><a href=\"https:\/\/www.aidscanada.ca\/fr\/virtual-session\/global-lessons-local-actions-martin-morberg\/\">Global Lessons, Local Actions: Martin Morberg<\/a><\/h2>\n\t<\/div>\n<\/article>\n      <\/div><\/li>          <li class=\"glide__slide\"><div class=\"feature-card-slide-wrapper\">        <article class=\"virtual-session-thumbnail\" id=\"virtual-session-705\">\n\t\t\t<div class=\"virtual-session-thumbnail-thumb\">\n\t\t\t<a href=\"https:\/\/www.aidscanada.ca\/fr\/virtual-session\/world-aids-day-2022-global-lessons-local-actions\/\">\n\t\t\t\t<img class=\"lazyload\" data-src=\"https:\/\/www.aidscanada.ca\/wp-content\/uploads\/2025\/02\/hqdefault-400x250-c-center.webp\" alt=\"\" \/>\n\t\t\t<\/a>\n\t\t<\/div>\n\t\t<div class=\"virtual-session-thumbnail-title\">\n\t\t<h2 class=\"h2\"><a href=\"https:\/\/www.aidscanada.ca\/fr\/virtual-session\/world-aids-day-2022-global-lessons-local-actions\/\">World AIDS Day 2022: Global Lessons. Local Actions.<\/a><\/h2>\n\t<\/div>\n<\/article>\n      <\/div><\/li>                 <\/ul>\n        <\/div>\n        <div class=\"glide__arrows\" data-glide-el=\"controls\">\n          <button aria-label=\"Pr\u00e9c\u00e9dent\" class=\"glide__arrow glide__arrow--left\"  data-glide-dir=\"<\"><i class=\"fa-light fa-left\"><\/i><\/button>\n          <button aria-label=\"Suivant\" class=\"glide__arrow glide__arrow--right\" data-glide-dir=\"&gt;\"><i class=\"fa-light fa-right\"><\/i><\/button>\n        <\/div>\n      <\/div>\n  <div class=\"narrow-contained\">\n\n\n\n<div class=\"wp-block-columns is-layout-flex wp-container-core-columns-is-layout-9d6595d7 wp-block-columns-is-layout-flex\">\n<div class=\"wp-block-column is-layout-flow wp-block-column-is-layout-flow\">\n<h2 class=\"wp-block-heading\">Le VIH Au Canada<\/h2>\n\n\n\n<p><a href=\"https:\/\/www.canada.ca\/fr\/sante-publique\/services\/publications\/maladies-et-affections\/vih-canada-personnes-vivant-avec-vih-nouveaux-cas-infection-vih-2020.html\" target=\"_blank\" rel=\"noreferrer noopener\">Le VIH au Canada : Personnes vivant avec le VIH et nouveaux cas d\u2019infection au VIH (2020)<\/a><\/p>\n\n\n\n<p><a href=\"https:\/\/www.canada.ca\/fr\/sante-publique\/services\/publications\/maladies-et-affections\/vih-points-saillants-surveillance-2022.html\" target=\"_blank\" rel=\"noreferrer noopener\">Le VIH au Canada : Les points saillants de la surveillance pour 2022<\/a><\/p>\n\n\n\n<p><a href=\"https:\/\/www.canada.ca\/fr\/sante-publique\/services\/publications\/maladies-et-affections\/progres-canada-vers-atteinte-cibles-mondiales-matiere-vih-90-90-90-2020.html\" target=\"_blank\" rel=\"noreferrer noopener\">Progr\u00e8s du Canada vers l\u2019atteinte des cibles mondiales en mati\u00e8re de VIH (90-90-90)<\/a><\/p>\n\n\n\n<p><a href=\"https:\/\/www.canada.ca\/fr\/sante-publique\/services\/maladies\/vih-et-sida\/ressources-sensibilisation\/tendances-utilisation-prophylaxie-pre-exposition-dans-9-provinces-canadiennes-2019-2022-infographie.html\" target=\"_blank\" rel=\"noreferrer noopener\">Tendances de l\u2019utilisation de la prophylaxie pr\u00e9exposition au VIH [VIH-PPrE]<\/a><\/p>\n<\/div>\n\n\n\n<div class=\"wp-block-column is-layout-flow wp-block-column-is-layout-flow\">\n<figure class=\"wp-block-embed is-type-video is-provider-youtube wp-block-embed-youtube wp-embed-aspect-16-9 wp-has-aspect-ratio\"><div class=\"wp-block-embed__wrapper\">\n<iframe loading=\"lazy\" title=\"AIDS 2024 : message du Dre Theresa Tam\" width=\"500\" height=\"281\" src=\"https:\/\/www.youtube.com\/embed\/p6Rs53bdTE4?feature=oembed\" frameborder=\"0\" allow=\"accelerometer; autoplay; clipboard-write; encrypted-media; gyroscope; picture-in-picture; web-share\" referrerpolicy=\"strict-origin-when-cross-origin\" allowfullscreen><\/iframe>\n<\/div><\/figure>\n<\/div>\n<\/div>\n","protected":false},"excerpt":{"rendered":"<p>Pavillon du Canada de la Lutte au VIH 2024 La Conf\u00e9rence internationale sur le sida est la premi\u00e8re plateforme mondiale pour c\u00e9l\u00e9brer les r\u00e9alisations, c\u00e9l\u00e9brer les succ\u00e8s et d\u00e9finir les orientations strat\u00e9giques de la riposte mondiale au VIH\/sida. La 25e Conf\u00e9rence internationale sur le sida, SIDA 2024, a eu lieu \u00e0 Munich, en Allemagne, ainsi [&hellip;]<\/p>\n","protected":false},"author":2,"featured_media":0,"parent":0,"menu_order":0,"comment_status":"closed","ping_status":"closed","template":"","meta":{"_acf_changed":true,"footnotes":""},"class_list":["post-680","page","type-page","status-publish","hentry"],"acf":[],"yoast_head":"<!-- This site is optimized with the Yoast SEO plugin v27.4 - https:\/\/yoast.com\/product\/yoast-seo-wordpress\/ -->\n<title>SIDA Canada - SIDA Canada<\/title>\n<meta name=\"robots\" content=\"index, follow, max-snippet:-1, max-image-preview:large, max-video-preview:-1\" \/>\n<link rel=\"canonical\" href=\"https:\/\/www.aidscanada.ca\/fr\/\" \/>\n<meta property=\"og:locale\" content=\"fr_FR\" \/>\n<meta property=\"og:type\" content=\"article\" \/>\n<meta property=\"og:title\" content=\"SIDA Canada - SIDA Canada\" \/>\n<meta property=\"og:description\" content=\"Pavillon du Canada de la Lutte au VIH 2024 La Conf\u00e9rence internationale sur le sida est la premi\u00e8re plateforme mondiale pour c\u00e9l\u00e9brer les r\u00e9alisations, c\u00e9l\u00e9brer les succ\u00e8s et d\u00e9finir les orientations strat\u00e9giques de la riposte mondiale au VIH\/sida. La 25e Conf\u00e9rence internationale sur le sida, SIDA 2024, a eu lieu \u00e0 Munich, en Allemagne, ainsi [&hellip;]\" \/>\n<meta property=\"og:url\" content=\"https:\/\/www.aidscanada.ca\/fr\/\" \/>\n<meta property=\"og:site_name\" content=\"SIDA Canada\" \/>\n<meta property=\"article:modified_time\" content=\"2025-04-11T14:27:48+00:00\" \/>\n<meta property=\"og:image\" content=\"https:\/\/www.aidscanada.ca\/wp-content\/uploads\/2025\/02\/Website_Pavilion_2024_leaf_canada_tagline.png\" \/>\n\t<meta property=\"og:image:width\" content=\"2842\" \/>\n\t<meta property=\"og:image:height\" content=\"921\" \/>\n\t<meta property=\"og:image:type\" content=\"image\/png\" \/>\n<meta name=\"twitter:card\" content=\"summary_large_image\" \/>\n<meta name=\"twitter:label1\" content=\"Dur\u00e9e de lecture estim\u00e9e\" \/>\n\t<meta name=\"twitter:data1\" content=\"2 minutes\" \/>\n<script type=\"application\/ld+json\" class=\"yoast-schema-graph\">{\"@context\":\"https:\\\/\\\/schema.org\",\"@graph\":[{\"@type\":\"WebPage\",\"@id\":\"https:\\\/\\\/www.aidscanada.ca\\\/fr\\\/\",\"url\":\"https:\\\/\\\/www.aidscanada.ca\\\/fr\\\/\",\"name\":\"SIDA Canada - SIDA Canada\",\"isPartOf\":{\"@id\":\"https:\\\/\\\/www.aidscanada.ca\\\/fr\\\/#website\"},\"primaryImageOfPage\":{\"@id\":\"https:\\\/\\\/www.aidscanada.ca\\\/fr\\\/#primaryimage\"},\"image\":{\"@id\":\"https:\\\/\\\/www.aidscanada.ca\\\/fr\\\/#primaryimage\"},\"thumbnailUrl\":\"https:\\\/\\\/www.aidscanada.ca\\\/wp-content\\\/uploads\\\/2025\\\/02\\\/Website_Pavilion_2024_leaf_canada_tagline-1024x332.png\",\"datePublished\":\"2025-01-29T17:23:44+00:00\",\"dateModified\":\"2025-04-11T14:27:48+00:00\",\"breadcrumb\":{\"@id\":\"https:\\\/\\\/www.aidscanada.ca\\\/fr\\\/#breadcrumb\"},\"inLanguage\":\"fr-FR\",\"potentialAction\":[{\"@type\":\"ReadAction\",\"target\":[\"https:\\\/\\\/www.aidscanada.ca\\\/fr\\\/\"]}]},{\"@type\":\"ImageObject\",\"inLanguage\":\"fr-FR\",\"@id\":\"https:\\\/\\\/www.aidscanada.ca\\\/fr\\\/#primaryimage\",\"url\":\"https:\\\/\\\/www.aidscanada.ca\\\/wp-content\\\/uploads\\\/2025\\\/02\\\/Website_Pavilion_2024_leaf_canada_tagline-1024x332.png\",\"contentUrl\":\"https:\\\/\\\/www.aidscanada.ca\\\/wp-content\\\/uploads\\\/2025\\\/02\\\/Website_Pavilion_2024_leaf_canada_tagline-1024x332.png\"},{\"@type\":\"BreadcrumbList\",\"@id\":\"https:\\\/\\\/www.aidscanada.ca\\\/fr\\\/#breadcrumb\",\"itemListElement\":[{\"@type\":\"ListItem\",\"position\":1,\"name\":\"Accueil\",\"item\":\"https:\\\/\\\/www.aidscanada.ca\\\/fr\\\/\"},{\"@type\":\"ListItem\",\"position\":2,\"name\":\"SIDA Canada\"}]},{\"@type\":\"WebSite\",\"@id\":\"https:\\\/\\\/www.aidscanada.ca\\\/fr\\\/#website\",\"url\":\"https:\\\/\\\/www.aidscanada.ca\\\/fr\\\/\",\"name\":\"AIDS Canada\",\"description\":\"Empowering Communities: Leaving No One Behind\",\"publisher\":{\"@id\":\"https:\\\/\\\/www.aidscanada.ca\\\/fr\\\/#organization\"},\"potentialAction\":[{\"@type\":\"SearchAction\",\"target\":{\"@type\":\"EntryPoint\",\"urlTemplate\":\"https:\\\/\\\/www.aidscanada.ca\\\/fr\\\/?s={search_term_string}\"},\"query-input\":{\"@type\":\"PropertyValueSpecification\",\"valueRequired\":true,\"valueName\":\"search_term_string\"}}],\"inLanguage\":\"fr-FR\"},{\"@type\":\"Organization\",\"@id\":\"https:\\\/\\\/www.aidscanada.ca\\\/fr\\\/#organization\",\"name\":\"AIDS Canada\",\"url\":\"https:\\\/\\\/www.aidscanada.ca\\\/fr\\\/\",\"logo\":{\"@type\":\"ImageObject\",\"inLanguage\":\"fr-FR\",\"@id\":\"https:\\\/\\\/www.aidscanada.ca\\\/fr\\\/#\\\/schema\\\/logo\\\/image\\\/\",\"url\":\"https:\\\/\\\/www.aidscanada.ca\\\/wp-content\\\/uploads\\\/2025\\\/01\\\/cropped-leaf-1.png\",\"contentUrl\":\"https:\\\/\\\/www.aidscanada.ca\\\/wp-content\\\/uploads\\\/2025\\\/01\\\/cropped-leaf-1.png\",\"width\":512,\"height\":512,\"caption\":\"AIDS Canada\"},\"image\":{\"@id\":\"https:\\\/\\\/www.aidscanada.ca\\\/fr\\\/#\\\/schema\\\/logo\\\/image\\\/\"}}]}<\/script>\n<!-- \/ Yoast SEO plugin. -->","yoast_head_json":{"title":"SIDA Canada - SIDA Canada","robots":{"index":"index","follow":"follow","max-snippet":"max-snippet:-1","max-image-preview":"max-image-preview:large","max-video-preview":"max-video-preview:-1"},"canonical":"https:\/\/www.aidscanada.ca\/fr\/","og_locale":"fr_FR","og_type":"article","og_title":"SIDA Canada - SIDA Canada","og_description":"Pavillon du Canada de la Lutte au VIH 2024 La Conf\u00e9rence internationale sur le sida est la premi\u00e8re plateforme mondiale pour c\u00e9l\u00e9brer les r\u00e9alisations, c\u00e9l\u00e9brer les succ\u00e8s et d\u00e9finir les orientations strat\u00e9giques de la riposte mondiale au VIH\/sida. La 25e Conf\u00e9rence internationale sur le sida, SIDA 2024, a eu lieu \u00e0 Munich, en Allemagne, ainsi [&hellip;]","og_url":"https:\/\/www.aidscanada.ca\/fr\/","og_site_name":"SIDA Canada","article_modified_time":"2025-04-11T14:27:48+00:00","og_image":[{"width":2842,"height":921,"url":"https:\/\/www.aidscanada.ca\/wp-content\/uploads\/2025\/02\/Website_Pavilion_2024_leaf_canada_tagline.png","type":"image\/png"}],"twitter_card":"summary_large_image","twitter_misc":{"Dur\u00e9e de lecture estim\u00e9e":"2 minutes"},"schema":{"@context":"https:\/\/schema.org","@graph":[{"@type":"WebPage","@id":"https:\/\/www.aidscanada.ca\/fr\/","url":"https:\/\/www.aidscanada.ca\/fr\/","name":"SIDA Canada - SIDA Canada","isPartOf":{"@id":"https:\/\/www.aidscanada.ca\/fr\/#website"},"primaryImageOfPage":{"@id":"https:\/\/www.aidscanada.ca\/fr\/#primaryimage"},"image":{"@id":"https:\/\/www.aidscanada.ca\/fr\/#primaryimage"},"thumbnailUrl":"https:\/\/www.aidscanada.ca\/wp-content\/uploads\/2025\/02\/Website_Pavilion_2024_leaf_canada_tagline-1024x332.png","datePublished":"2025-01-29T17:23:44+00:00","dateModified":"2025-04-11T14:27:48+00:00","breadcrumb":{"@id":"https:\/\/www.aidscanada.ca\/fr\/#breadcrumb"},"inLanguage":"fr-FR","potentialAction":[{"@type":"ReadAction","target":["https:\/\/www.aidscanada.ca\/fr\/"]}]},{"@type":"ImageObject","inLanguage":"fr-FR","@id":"https:\/\/www.aidscanada.ca\/fr\/#primaryimage","url":"https:\/\/www.aidscanada.ca\/wp-content\/uploads\/2025\/02\/Website_Pavilion_2024_leaf_canada_tagline-1024x332.png","contentUrl":"https:\/\/www.aidscanada.ca\/wp-content\/uploads\/2025\/02\/Website_Pavilion_2024_leaf_canada_tagline-1024x332.png"},{"@type":"BreadcrumbList","@id":"https:\/\/www.aidscanada.ca\/fr\/#breadcrumb","itemListElement":[{"@type":"ListItem","position":1,"name":"Accueil","item":"https:\/\/www.aidscanada.ca\/fr\/"},{"@type":"ListItem","position":2,"name":"SIDA Canada"}]},{"@type":"WebSite","@id":"https:\/\/www.aidscanada.ca\/fr\/#website","url":"https:\/\/www.aidscanada.ca\/fr\/","name":"AIDS Canada","description":"Empowering Communities: Leaving No One Behind","publisher":{"@id":"https:\/\/www.aidscanada.ca\/fr\/#organization"},"potentialAction":[{"@type":"SearchAction","target":{"@type":"EntryPoint","urlTemplate":"https:\/\/www.aidscanada.ca\/fr\/?s={search_term_string}"},"query-input":{"@type":"PropertyValueSpecification","valueRequired":true,"valueName":"search_term_string"}}],"inLanguage":"fr-FR"},{"@type":"Organization","@id":"https:\/\/www.aidscanada.ca\/fr\/#organization","name":"AIDS Canada","url":"https:\/\/www.aidscanada.ca\/fr\/","logo":{"@type":"ImageObject","inLanguage":"fr-FR","@id":"https:\/\/www.aidscanada.ca\/fr\/#\/schema\/logo\/image\/","url":"https:\/\/www.aidscanada.ca\/wp-content\/uploads\/2025\/01\/cropped-leaf-1.png","contentUrl":"https:\/\/www.aidscanada.ca\/wp-content\/uploads\/2025\/01\/cropped-leaf-1.png","width":512,"height":512,"caption":"AIDS Canada"},"image":{"@id":"https:\/\/www.aidscanada.ca\/fr\/#\/schema\/logo\/image\/"}}]}},"_links":{"self":[{"href":"https:\/\/www.aidscanada.ca\/fr\/wp-json\/wp\/v2\/pages\/680","targetHints":{"allow":["GET"]}}],"collection":[{"href":"https:\/\/www.aidscanada.ca\/fr\/wp-json\/wp\/v2\/pages"}],"about":[{"href":"https:\/\/www.aidscanada.ca\/fr\/wp-json\/wp\/v2\/types\/page"}],"author":[{"embeddable":true,"href":"https:\/\/www.aidscanada.ca\/fr\/wp-json\/wp\/v2\/users\/2"}],"replies":[{"embeddable":true,"href":"https:\/\/www.aidscanada.ca\/fr\/wp-json\/wp\/v2\/comments?post=680"}],"version-history":[{"count":0,"href":"https:\/\/www.aidscanada.ca\/fr\/wp-json\/wp\/v2\/pages\/680\/revisions"}],"wp:attachment":[{"href":"https:\/\/www.aidscanada.ca\/fr\/wp-json\/wp\/v2\/media?parent=680"}],"curies":[{"name":"wp","href":"https:\/\/api.w.org\/{rel}","templated":true}]}}