{"id":884,"date":"2025-02-23T07:09:30","date_gmt":"2025-02-23T12:09:30","guid":{"rendered":"https:\/\/www.aidscanada.ca\/?page_id=884"},"modified":"2025-03-10T15:11:43","modified_gmt":"2025-03-10T19:11:43","slug":"pavillon-du-canada-a-sida-2022","status":"publish","type":"page","link":"https:\/\/www.aidscanada.ca\/fr\/pavillon-du-canada-a-sida-2022\/","title":{"rendered":"Pavillon du Canada \u00e0 SIDA 2022"},"content":{"rendered":"\n<p class=\"wp-block-paragraph\">La Conf\u00e9rence internationale sur le sida est la principale plateforme mondiale pour marquer les r\u00e9alisations, c\u00e9l\u00e9brer les succ\u00e8s et d\u00e9finir les orientations strat\u00e9giques de la r\u00e9ponse mondiale au VIH\/sida. AIDS 2022, la 24<sup>e<\/sup> Conf\u00e9rence internationale sur le sida, Montr\u00e9al, Canada, et virtuellement se tiendra du 29 juillet au 2 ao\u00fbt 2022.<\/p>\n\n\n\n<p class=\"wp-block-paragraph\">L&rsquo;Association canadienne pour la sant\u00e9 mondiale (ACSM) coordonne le Pavillon du Canada \u00e0 SIDA 2022 avec le soutien du Comit\u00e9 consultatif national (repr\u00e9sentants.es de plus de 25 organismes communautaires diff\u00e9rents et de personnes engag\u00e9es dans la lutte contre le VIH au Canada).<\/p>\n\n\n\n<p class=\"wp-block-paragraph\">Sous le th\u00e8me \u00ab\u00a0Solidarit\u00e9. Science. Soutien.\u00a0\u00bb, le Pavillon du Canada est une exploration de la force, de l&rsquo;innovation et de la communaut\u00e9 derri\u00e8re la r\u00e9ponse du Canada au VIH\/sida.<\/p>\n\n\n\n<p class=\"wp-block-paragraph\"><strong>Visitez les diff\u00e9rents \u00e9l\u00e9ments du Pavillon du Canada :<\/strong><\/p>\n\n\n\n<div class=\"wp-block-buttons is-content-justification-center is-layout-flex wp-container-core-buttons-is-layout-fe48e5de wp-block-buttons-is-layout-flex\">\n<div class=\"wp-block-button\"><a class=\"wp-block-button__link wp-element-button\" href=\"https:\/\/www.aidscanada.ca\/fr\/representants-2022\/\">Les repr\u00e9sentants(es) 2022<\/a><\/div>\n<\/div>\n\n\n\n<div class=\"wp-block-buttons is-content-justification-center is-layout-flex wp-container-core-buttons-is-layout-fe48e5de wp-block-buttons-is-layout-flex\">\n<div class=\"wp-block-button\"><a class=\"wp-block-button__link wp-element-button\" href=\"https:\/\/www.aidscanada.ca\/fr\/quiz-de-connaissances\/\">Quiz sur les connaissances<\/a><\/div>\n<\/div>\n\n\n\n<div class=\"wp-block-buttons is-content-justification-center is-layout-flex wp-container-core-buttons-is-layout-fe48e5de wp-block-buttons-is-layout-flex\">\n<div class=\"wp-block-button\"><a class=\"wp-block-button__link wp-element-button\" href=\"https:\/\/www.aidscanada.ca\/fr\/seances-virtuelles\/\">S\u00e9ances virtuelles<\/a><\/div>\n<\/div>\n\n\n\n<div class=\"wp-block-buttons is-content-justification-center is-layout-flex wp-container-core-buttons-is-layout-fe48e5de wp-block-buttons-is-layout-flex\">\n<div class=\"wp-block-button\"><a class=\"wp-block-button__link wp-element-button\" href=\"https:\/\/www.aidscanada.ca\/fr\/banque-de-ressources\/\">Centre de ressources<\/a><\/div>\n<\/div>\n\n\n\n<div class=\"wp-block-buttons is-content-justification-center is-layout-flex wp-container-core-buttons-is-layout-fe48e5de wp-block-buttons-is-layout-flex\">\n<div class=\"wp-block-button\"><a class=\"wp-block-button__link wp-element-button\" href=\"https:\/\/www.aidscanada.ca\/fr\/comite-consultatif-national-du-pavillon-du-canada-a-sida-2022\/\">Comit\u00e9 consultatif national<\/a><\/div>\n<\/div>\n\n\n<div class=\"wp-block-image\">\n<figure class=\"aligncenter size-large is-resized\"><img loading=\"lazy\" decoding=\"async\" width=\"1024\" height=\"585\" src=\"https:\/\/www.aidscanada.ca\/wp-content\/uploads\/2025\/03\/Logo-tagline-2022-1024x585.png\" alt=\"Canada. Solidarity. Science. Support. | Solidarit\u00e9. Science. Soutien.\" class=\"wp-image-1038\" style=\"width:auto;height:350px\" srcset=\"https:\/\/www.aidscanada.ca\/wp-content\/uploads\/2025\/03\/Logo-tagline-2022-1024x585.png 1024w, https:\/\/www.aidscanada.ca\/wp-content\/uploads\/2025\/03\/Logo-tagline-2022-300x171.png 300w, https:\/\/www.aidscanada.ca\/wp-content\/uploads\/2025\/03\/Logo-tagline-2022-768x439.png 768w, https:\/\/www.aidscanada.ca\/wp-content\/uploads\/2025\/03\/Logo-tagline-2022-1536x878.png 1536w, https:\/\/www.aidscanada.ca\/wp-content\/uploads\/2025\/03\/Logo-tagline-2022.png 2000w\" sizes=\"auto, (max-width: 1024px) 100vw, 1024px\" \/><\/figure>\n<\/div>\n\n\n<p class=\"wp-block-paragraph\"><strong>Remarques de la D<sup>re<\/sup> Theresa Tam<\/strong><\/p>\n\n\n\n<figure class=\"wp-block-embed is-type-video is-provider-youtube wp-block-embed-youtube wp-embed-aspect-16-9 wp-has-aspect-ratio\"><div class=\"wp-block-embed__wrapper\">\n<iframe loading=\"lazy\" title=\"Canada Pavilion at AIDS 2022: Remarks from Dr. Theresa Tam, Canada&#039;s Chief Public Health Officer\" width=\"500\" height=\"281\" src=\"https:\/\/www.youtube.com\/embed\/w_npG3iz-XM?feature=oembed\" frameborder=\"0\" allow=\"accelerometer; autoplay; clipboard-write; encrypted-media; gyroscope; picture-in-picture; web-share\" referrerpolicy=\"strict-origin-when-cross-origin\" allowfullscreen><\/iframe>\n<\/div><\/figure>\n\n\n\n<div class=\"video-title\">\n  <div class=\"video-title-name\">Dre Theresa Tam<\/div>\n  <div class=\"video-title-location\">Administratrice en chef de la sant\u00e9 publique du Canada<\/div>\n<\/div>\n\n\n\n<p class=\"wp-block-paragraph\"><strong>Remarques du gouvernement du Canada<\/strong><\/p>\n\n\n\n<figure class=\"wp-block-embed is-type-video is-provider-youtube wp-block-embed-youtube wp-embed-aspect-16-9 wp-has-aspect-ratio\"><div class=\"wp-block-embed__wrapper\">\n<iframe loading=\"lazy\" title=\"Pavillon du Canada \u00e0 AIDS2022-Allocution de bienvenue du premier ministre &amp; le conseil des ministres\" width=\"500\" height=\"281\" src=\"https:\/\/www.youtube.com\/embed\/--SS3hbqghY?feature=oembed\" frameborder=\"0\" allow=\"accelerometer; autoplay; clipboard-write; encrypted-media; gyroscope; picture-in-picture; web-share\" referrerpolicy=\"strict-origin-when-cross-origin\" allowfullscreen><\/iframe>\n<\/div><\/figure>\n\n\n\n<div class=\"video-title\">\n  <div class=\"video-title-name\">Premier ministre Justin Trudeau &#038; le minist\u00e8re canadien<\/div>\n  <div class=\"video-title-location\">Le gouvernement du Canada<\/div>\n<\/div>\n\n\n\n<p class=\"wp-block-paragraph\">SIDA 2022 se d\u00e9roule sur le territoire traditionnel et non c\u00e9d\u00e9 du peuple Kanien&rsquo;keh\u00e1:ka, un lieu qui a longtemps servi et continue d&rsquo;\u00eatre un lieu de rencontre et d&rsquo;\u00e9change pour de nombreuses Premi\u00e8res Nations. Nous honorons et remercions les gardiens traditionnels de cette terre et nous effor\u00e7ons de travailler au succ\u00e8s des g\u00e9n\u00e9rations futures.<\/p>\n","protected":false},"excerpt":{"rendered":"<p>La Conf\u00e9rence internationale sur le sida est la principale plateforme mondiale pour marquer les r\u00e9alisations, c\u00e9l\u00e9brer les succ\u00e8s et d\u00e9finir les orientations strat\u00e9giques de la r\u00e9ponse mondiale au VIH\/sida. AIDS 2022, la 24e Conf\u00e9rence internationale sur le sida, Montr\u00e9al, Canada, et virtuellement se tiendra du 29 juillet au 2 ao\u00fbt 2022. L&rsquo;Association canadienne pour la [&hellip;]<\/p>\n","protected":false},"author":3,"featured_media":0,"parent":0,"menu_order":0,"comment_status":"closed","ping_status":"closed","template":"","meta":{"_acf_changed":false,"footnotes":""},"class_list":["post-884","page","type-page","status-publish","hentry"],"acf":[],"yoast_head":"<!-- This site is optimized with the Yoast SEO plugin v28.3 - https:\/\/yoast.com\/product\/yoast-seo-wordpress\/ -->\n<title>Pavillon du Canada \u00e0 SIDA 2022 - SIDA Canada<\/title>\n<meta name=\"robots\" content=\"index, follow, max-snippet:-1, max-image-preview:large, max-video-preview:-1\" \/>\n<link rel=\"canonical\" href=\"https:\/\/www.aidscanada.ca\/fr\/pavillon-du-canada-a-sida-2022\/\" \/>\n<meta property=\"og:locale\" content=\"fr_FR\" \/>\n<meta property=\"og:type\" content=\"article\" \/>\n<meta property=\"og:title\" content=\"Pavillon du Canada \u00e0 SIDA 2022 - SIDA Canada\" \/>\n<meta property=\"og:description\" content=\"La Conf\u00e9rence internationale sur le sida est la principale plateforme mondiale pour marquer les r\u00e9alisations, c\u00e9l\u00e9brer les succ\u00e8s et d\u00e9finir les orientations strat\u00e9giques de la r\u00e9ponse mondiale au VIH\/sida. AIDS 2022, la 24e Conf\u00e9rence internationale sur le sida, Montr\u00e9al, Canada, et virtuellement se tiendra du 29 juillet au 2 ao\u00fbt 2022. L&rsquo;Association canadienne pour la [&hellip;]\" \/>\n<meta property=\"og:url\" content=\"https:\/\/www.aidscanada.ca\/fr\/pavillon-du-canada-a-sida-2022\/\" \/>\n<meta property=\"og:site_name\" content=\"SIDA Canada\" \/>\n<meta property=\"article:modified_time\" content=\"2025-03-10T19:11:43+00:00\" \/>\n<meta property=\"og:image\" content=\"https:\/\/www.aidscanada.ca\/wp-content\/uploads\/2025\/03\/Logo-tagline-2022.png\" \/>\n\t<meta property=\"og:image:width\" content=\"2000\" \/>\n\t<meta property=\"og:image:height\" content=\"1143\" \/>\n\t<meta property=\"og:image:type\" content=\"image\/png\" \/>\n<meta name=\"twitter:card\" content=\"summary_large_image\" \/>\n<meta name=\"twitter:label1\" content=\"Dur\u00e9e de lecture estim\u00e9e\" \/>\n\t<meta name=\"twitter:data1\" content=\"2 minutes\" \/>\n<script type=\"application\/ld+json\" class=\"yoast-schema-graph\">{\"@context\":\"https:\\\/\\\/schema.org\",\"@graph\":[{\"@type\":\"WebPage\",\"@id\":\"https:\\\/\\\/www.aidscanada.ca\\\/fr\\\/pavillon-du-canada-a-sida-2022\\\/\",\"url\":\"https:\\\/\\\/www.aidscanada.ca\\\/fr\\\/pavillon-du-canada-a-sida-2022\\\/\",\"name\":\"Pavillon du Canada \u00e0 SIDA 2022 - SIDA Canada\",\"isPartOf\":{\"@id\":\"https:\\\/\\\/www.aidscanada.ca\\\/fr\\\/#website\"},\"primaryImageOfPage\":{\"@id\":\"https:\\\/\\\/www.aidscanada.ca\\\/fr\\\/pavillon-du-canada-a-sida-2022\\\/#primaryimage\"},\"image\":{\"@id\":\"https:\\\/\\\/www.aidscanada.ca\\\/fr\\\/pavillon-du-canada-a-sida-2022\\\/#primaryimage\"},\"thumbnailUrl\":\"https:\\\/\\\/www.aidscanada.ca\\\/wp-content\\\/uploads\\\/2025\\\/03\\\/Logo-tagline-2022-1024x585.png\",\"datePublished\":\"2025-02-23T12:09:30+00:00\",\"dateModified\":\"2025-03-10T19:11:43+00:00\",\"breadcrumb\":{\"@id\":\"https:\\\/\\\/www.aidscanada.ca\\\/fr\\\/pavillon-du-canada-a-sida-2022\\\/#breadcrumb\"},\"inLanguage\":\"fr-FR\",\"potentialAction\":[{\"@type\":\"ReadAction\",\"target\":[\"https:\\\/\\\/www.aidscanada.ca\\\/fr\\\/pavillon-du-canada-a-sida-2022\\\/\"]}]},{\"@type\":\"ImageObject\",\"inLanguage\":\"fr-FR\",\"@id\":\"https:\\\/\\\/www.aidscanada.ca\\\/fr\\\/pavillon-du-canada-a-sida-2022\\\/#primaryimage\",\"url\":\"https:\\\/\\\/www.aidscanada.ca\\\/wp-content\\\/uploads\\\/2025\\\/03\\\/Logo-tagline-2022-1024x585.png\",\"contentUrl\":\"https:\\\/\\\/www.aidscanada.ca\\\/wp-content\\\/uploads\\\/2025\\\/03\\\/Logo-tagline-2022-1024x585.png\"},{\"@type\":\"BreadcrumbList\",\"@id\":\"https:\\\/\\\/www.aidscanada.ca\\\/fr\\\/pavillon-du-canada-a-sida-2022\\\/#breadcrumb\",\"itemListElement\":[{\"@type\":\"ListItem\",\"position\":1,\"name\":\"Accueil\",\"item\":\"https:\\\/\\\/www.aidscanada.ca\\\/fr\\\/\"},{\"@type\":\"ListItem\",\"position\":2,\"name\":\"Pavillon du Canada \u00e0 SIDA 2022\"}]},{\"@type\":\"WebSite\",\"@id\":\"https:\\\/\\\/www.aidscanada.ca\\\/fr\\\/#website\",\"url\":\"https:\\\/\\\/www.aidscanada.ca\\\/fr\\\/\",\"name\":\"AIDS Canada\",\"description\":\"Empowering Communities: Leaving No One Behind\",\"publisher\":{\"@id\":\"https:\\\/\\\/www.aidscanada.ca\\\/fr\\\/#organization\"},\"potentialAction\":[{\"@type\":\"SearchAction\",\"target\":{\"@type\":\"EntryPoint\",\"urlTemplate\":\"https:\\\/\\\/www.aidscanada.ca\\\/fr\\\/?s={search_term_string}\"},\"query-input\":{\"@type\":\"PropertyValueSpecification\",\"valueRequired\":true,\"valueName\":\"search_term_string\"}}],\"inLanguage\":\"fr-FR\"},{\"@type\":\"Organization\",\"@id\":\"https:\\\/\\\/www.aidscanada.ca\\\/fr\\\/#organization\",\"name\":\"AIDS Canada\",\"url\":\"https:\\\/\\\/www.aidscanada.ca\\\/fr\\\/\",\"logo\":{\"@type\":\"ImageObject\",\"inLanguage\":\"fr-FR\",\"@id\":\"https:\\\/\\\/www.aidscanada.ca\\\/fr\\\/#\\\/schema\\\/logo\\\/image\\\/\",\"url\":\"https:\\\/\\\/www.aidscanada.ca\\\/wp-content\\\/uploads\\\/2025\\\/01\\\/cropped-leaf-1.png\",\"contentUrl\":\"https:\\\/\\\/www.aidscanada.ca\\\/wp-content\\\/uploads\\\/2025\\\/01\\\/cropped-leaf-1.png\",\"width\":512,\"height\":512,\"caption\":\"AIDS Canada\"},\"image\":{\"@id\":\"https:\\\/\\\/www.aidscanada.ca\\\/fr\\\/#\\\/schema\\\/logo\\\/image\\\/\"}}]}<\/script>\n<!-- \/ Yoast SEO plugin. -->","yoast_head_json":{"title":"Pavillon du Canada \u00e0 SIDA 2022 - SIDA Canada","robots":{"index":"index","follow":"follow","max-snippet":"max-snippet:-1","max-image-preview":"max-image-preview:large","max-video-preview":"max-video-preview:-1"},"canonical":"https:\/\/www.aidscanada.ca\/fr\/pavillon-du-canada-a-sida-2022\/","og_locale":"fr_FR","og_type":"article","og_title":"Pavillon du Canada \u00e0 SIDA 2022 - SIDA Canada","og_description":"La Conf\u00e9rence internationale sur le sida est la principale plateforme mondiale pour marquer les r\u00e9alisations, c\u00e9l\u00e9brer les succ\u00e8s et d\u00e9finir les orientations strat\u00e9giques de la r\u00e9ponse mondiale au VIH\/sida. AIDS 2022, la 24e Conf\u00e9rence internationale sur le sida, Montr\u00e9al, Canada, et virtuellement se tiendra du 29 juillet au 2 ao\u00fbt 2022. L&rsquo;Association canadienne pour la [&hellip;]","og_url":"https:\/\/www.aidscanada.ca\/fr\/pavillon-du-canada-a-sida-2022\/","og_site_name":"SIDA Canada","article_modified_time":"2025-03-10T19:11:43+00:00","og_image":[{"width":2000,"height":1143,"url":"https:\/\/www.aidscanada.ca\/wp-content\/uploads\/2025\/03\/Logo-tagline-2022.png","type":"image\/png"}],"twitter_card":"summary_large_image","twitter_misc":{"Dur\u00e9e de lecture estim\u00e9e":"2 minutes"},"schema":{"@context":"https:\/\/schema.org","@graph":[{"@type":"WebPage","@id":"https:\/\/www.aidscanada.ca\/fr\/pavillon-du-canada-a-sida-2022\/","url":"https:\/\/www.aidscanada.ca\/fr\/pavillon-du-canada-a-sida-2022\/","name":"Pavillon du Canada \u00e0 SIDA 2022 - SIDA Canada","isPartOf":{"@id":"https:\/\/www.aidscanada.ca\/fr\/#website"},"primaryImageOfPage":{"@id":"https:\/\/www.aidscanada.ca\/fr\/pavillon-du-canada-a-sida-2022\/#primaryimage"},"image":{"@id":"https:\/\/www.aidscanada.ca\/fr\/pavillon-du-canada-a-sida-2022\/#primaryimage"},"thumbnailUrl":"https:\/\/www.aidscanada.ca\/wp-content\/uploads\/2025\/03\/Logo-tagline-2022-1024x585.png","datePublished":"2025-02-23T12:09:30+00:00","dateModified":"2025-03-10T19:11:43+00:00","breadcrumb":{"@id":"https:\/\/www.aidscanada.ca\/fr\/pavillon-du-canada-a-sida-2022\/#breadcrumb"},"inLanguage":"fr-FR","potentialAction":[{"@type":"ReadAction","target":["https:\/\/www.aidscanada.ca\/fr\/pavillon-du-canada-a-sida-2022\/"]}]},{"@type":"ImageObject","inLanguage":"fr-FR","@id":"https:\/\/www.aidscanada.ca\/fr\/pavillon-du-canada-a-sida-2022\/#primaryimage","url":"https:\/\/www.aidscanada.ca\/wp-content\/uploads\/2025\/03\/Logo-tagline-2022-1024x585.png","contentUrl":"https:\/\/www.aidscanada.ca\/wp-content\/uploads\/2025\/03\/Logo-tagline-2022-1024x585.png"},{"@type":"BreadcrumbList","@id":"https:\/\/www.aidscanada.ca\/fr\/pavillon-du-canada-a-sida-2022\/#breadcrumb","itemListElement":[{"@type":"ListItem","position":1,"name":"Accueil","item":"https:\/\/www.aidscanada.ca\/fr\/"},{"@type":"ListItem","position":2,"name":"Pavillon du Canada \u00e0 SIDA 2022"}]},{"@type":"WebSite","@id":"https:\/\/www.aidscanada.ca\/fr\/#website","url":"https:\/\/www.aidscanada.ca\/fr\/","name":"AIDS Canada","description":"Empowering Communities: Leaving No One Behind","publisher":{"@id":"https:\/\/www.aidscanada.ca\/fr\/#organization"},"potentialAction":[{"@type":"SearchAction","target":{"@type":"EntryPoint","urlTemplate":"https:\/\/www.aidscanada.ca\/fr\/?s={search_term_string}"},"query-input":{"@type":"PropertyValueSpecification","valueRequired":true,"valueName":"search_term_string"}}],"inLanguage":"fr-FR"},{"@type":"Organization","@id":"https:\/\/www.aidscanada.ca\/fr\/#organization","name":"AIDS Canada","url":"https:\/\/www.aidscanada.ca\/fr\/","logo":{"@type":"ImageObject","inLanguage":"fr-FR","@id":"https:\/\/www.aidscanada.ca\/fr\/#\/schema\/logo\/image\/","url":"https:\/\/www.aidscanada.ca\/wp-content\/uploads\/2025\/01\/cropped-leaf-1.png","contentUrl":"https:\/\/www.aidscanada.ca\/wp-content\/uploads\/2025\/01\/cropped-leaf-1.png","width":512,"height":512,"caption":"AIDS Canada"},"image":{"@id":"https:\/\/www.aidscanada.ca\/fr\/#\/schema\/logo\/image\/"}}]}},"_links":{"self":[{"href":"https:\/\/www.aidscanada.ca\/fr\/wp-json\/wp\/v2\/pages\/884","targetHints":{"allow":["GET"]}}],"collection":[{"href":"https:\/\/www.aidscanada.ca\/fr\/wp-json\/wp\/v2\/pages"}],"about":[{"href":"https:\/\/www.aidscanada.ca\/fr\/wp-json\/wp\/v2\/types\/page"}],"author":[{"embeddable":true,"href":"https:\/\/www.aidscanada.ca\/fr\/wp-json\/wp\/v2\/users\/3"}],"replies":[{"embeddable":true,"href":"https:\/\/www.aidscanada.ca\/fr\/wp-json\/wp\/v2\/comments?post=884"}],"version-history":[{"count":0,"href":"https:\/\/www.aidscanada.ca\/fr\/wp-json\/wp\/v2\/pages\/884\/revisions"}],"wp:attachment":[{"href":"https:\/\/www.aidscanada.ca\/fr\/wp-json\/wp\/v2\/media?parent=884"}],"curies":[{"name":"wp","href":"https:\/\/api.w.org\/{rel}","templated":true}]}}