{"id":1123,"date":"2024-07-18T17:36:19","date_gmt":"2024-07-18T21:36:19","guid":{"rendered":"https:\/\/www.aidscanada.ca\/resource\/le-vih-et-le-bien-etre-emotionnel\/"},"modified":"2024-07-18T17:36:19","modified_gmt":"2024-07-18T21:36:19","slug":"le-vih-et-le-bien-etre-emotionnel","status":"publish","type":"resource","link":"https:\/\/www.aidscanada.ca\/fr\/resource\/le-vih-et-le-bien-etre-emotionnel\/","title":{"rendered":"Le VIH et le bien-\u00eatre \u00e9motionnel"},"content":{"rendered":"<p>Cette ressource pour les personnes vivant avec le VIH explore les probl\u00e8mes de sant\u00e9 affective courants, tels que le stress, l\u2019anxi\u00e9t\u00e9, la d\u00e9pression et les d\u00e9pendances. Elle offre des conseils pratiques sur la fa\u00e7on d\u2019arriver \u00e0 avoir et \u00e0 maintenir un esprit sain dans un corps sain.<\/p>\n","protected":false},"excerpt":{"rendered":"<p>Cette ressource pour les personnes vivant avec le VIH explore les probl\u00e8mes de sant\u00e9 affective courants, tels que le stress, l\u2019anxi\u00e9t\u00e9, la d\u00e9pression et les d\u00e9pendances. Elle offre des conseils pratiques sur la fa\u00e7on d\u2019arriver \u00e0 avoir et \u00e0 maintenir un esprit sain dans un corps sain.<\/p>\n","protected":false},"featured_media":0,"parent":0,"template":"","meta":{"_acf_changed":false},"conference-year":[40],"intended-audience":[212],"priority-population":[214],"resource-language":[51],"source":[215],"topic":[46],"class_list":["post-1123","resource","type-resource","status-publish","hentry","conference-year-2024-fr","intended-audience-grand-public","priority-population-personne-vivant-avec-le-vih-sida-pvih","resource-language-french","source-catie-fr","topic-les-personnes"],"acf":[],"yoast_head":"<!-- This site is optimized with the Yoast SEO plugin v27.4 - https:\/\/yoast.com\/product\/yoast-seo-wordpress\/ -->\n<title>Le VIH et le bien-\u00eatre \u00e9motionnel - SIDA Canada<\/title>\n<meta name=\"robots\" content=\"index, follow, max-snippet:-1, max-image-preview:large, max-video-preview:-1\" \/>\n<link rel=\"canonical\" href=\"https:\/\/www.aidscanada.ca\/fr\/resource\/le-vih-et-le-bien-etre-emotionnel\/\" \/>\n<meta property=\"og:locale\" content=\"fr_FR\" \/>\n<meta property=\"og:type\" content=\"article\" \/>\n<meta property=\"og:title\" content=\"Le VIH et le bien-\u00eatre \u00e9motionnel - SIDA Canada\" \/>\n<meta property=\"og:description\" content=\"Cette ressource pour les personnes vivant avec le VIH explore les probl\u00e8mes de sant\u00e9 affective courants, tels que le stress, l\u2019anxi\u00e9t\u00e9, la d\u00e9pression et les d\u00e9pendances. Elle offre des conseils pratiques sur la fa\u00e7on d\u2019arriver \u00e0 avoir et \u00e0 maintenir un esprit sain dans un corps sain.\" \/>\n<meta property=\"og:url\" content=\"https:\/\/www.aidscanada.ca\/fr\/resource\/le-vih-et-le-bien-etre-emotionnel\/\" \/>\n<meta property=\"og:site_name\" content=\"SIDA Canada\" \/>\n<meta name=\"twitter:card\" content=\"summary_large_image\" \/>\n<script type=\"application\/ld+json\" class=\"yoast-schema-graph\">{\"@context\":\"https:\\\/\\\/schema.org\",\"@graph\":[{\"@type\":\"WebPage\",\"@id\":\"https:\\\/\\\/www.aidscanada.ca\\\/fr\\\/resource\\\/le-vih-et-le-bien-etre-emotionnel\\\/\",\"url\":\"https:\\\/\\\/www.aidscanada.ca\\\/fr\\\/resource\\\/le-vih-et-le-bien-etre-emotionnel\\\/\",\"name\":\"Le VIH et le bien-\u00eatre \u00e9motionnel - SIDA Canada\",\"isPartOf\":{\"@id\":\"https:\\\/\\\/www.aidscanada.ca\\\/fr\\\/#website\"},\"datePublished\":\"2024-07-18T21:36:19+00:00\",\"breadcrumb\":{\"@id\":\"https:\\\/\\\/www.aidscanada.ca\\\/fr\\\/resource\\\/le-vih-et-le-bien-etre-emotionnel\\\/#breadcrumb\"},\"inLanguage\":\"fr-FR\",\"potentialAction\":[{\"@type\":\"ReadAction\",\"target\":[\"https:\\\/\\\/www.aidscanada.ca\\\/fr\\\/resource\\\/le-vih-et-le-bien-etre-emotionnel\\\/\"]}]},{\"@type\":\"BreadcrumbList\",\"@id\":\"https:\\\/\\\/www.aidscanada.ca\\\/fr\\\/resource\\\/le-vih-et-le-bien-etre-emotionnel\\\/#breadcrumb\",\"itemListElement\":[{\"@type\":\"ListItem\",\"position\":1,\"name\":\"Accueil\",\"item\":\"https:\\\/\\\/www.aidscanada.ca\\\/fr\\\/\"},{\"@type\":\"ListItem\",\"position\":2,\"name\":\"Les personnes\",\"item\":\"https:\\\/\\\/www.aidscanada.ca\\\/fr\\\/topic\\\/les-personnes\\\/\"},{\"@type\":\"ListItem\",\"position\":3,\"name\":\"Le VIH et le bien-\u00eatre \u00e9motionnel\"}]},{\"@type\":\"WebSite\",\"@id\":\"https:\\\/\\\/www.aidscanada.ca\\\/fr\\\/#website\",\"url\":\"https:\\\/\\\/www.aidscanada.ca\\\/fr\\\/\",\"name\":\"AIDS Canada\",\"description\":\"Empowering Communities: Leaving No One Behind\",\"publisher\":{\"@id\":\"https:\\\/\\\/www.aidscanada.ca\\\/fr\\\/#organization\"},\"potentialAction\":[{\"@type\":\"SearchAction\",\"target\":{\"@type\":\"EntryPoint\",\"urlTemplate\":\"https:\\\/\\\/www.aidscanada.ca\\\/fr\\\/?s={search_term_string}\"},\"query-input\":{\"@type\":\"PropertyValueSpecification\",\"valueRequired\":true,\"valueName\":\"search_term_string\"}}],\"inLanguage\":\"fr-FR\"},{\"@type\":\"Organization\",\"@id\":\"https:\\\/\\\/www.aidscanada.ca\\\/fr\\\/#organization\",\"name\":\"AIDS Canada\",\"url\":\"https:\\\/\\\/www.aidscanada.ca\\\/fr\\\/\",\"logo\":{\"@type\":\"ImageObject\",\"inLanguage\":\"fr-FR\",\"@id\":\"https:\\\/\\\/www.aidscanada.ca\\\/fr\\\/#\\\/schema\\\/logo\\\/image\\\/\",\"url\":\"https:\\\/\\\/www.aidscanada.ca\\\/wp-content\\\/uploads\\\/2025\\\/01\\\/cropped-leaf-1.png\",\"contentUrl\":\"https:\\\/\\\/www.aidscanada.ca\\\/wp-content\\\/uploads\\\/2025\\\/01\\\/cropped-leaf-1.png\",\"width\":512,\"height\":512,\"caption\":\"AIDS Canada\"},\"image\":{\"@id\":\"https:\\\/\\\/www.aidscanada.ca\\\/fr\\\/#\\\/schema\\\/logo\\\/image\\\/\"}}]}<\/script>\n<!-- \/ Yoast SEO plugin. -->","yoast_head_json":{"title":"Le VIH et le bien-\u00eatre \u00e9motionnel - SIDA Canada","robots":{"index":"index","follow":"follow","max-snippet":"max-snippet:-1","max-image-preview":"max-image-preview:large","max-video-preview":"max-video-preview:-1"},"canonical":"https:\/\/www.aidscanada.ca\/fr\/resource\/le-vih-et-le-bien-etre-emotionnel\/","og_locale":"fr_FR","og_type":"article","og_title":"Le VIH et le bien-\u00eatre \u00e9motionnel - SIDA Canada","og_description":"Cette ressource pour les personnes vivant avec le VIH explore les probl\u00e8mes de sant\u00e9 affective courants, tels que le stress, l\u2019anxi\u00e9t\u00e9, la d\u00e9pression et les d\u00e9pendances. Elle offre des conseils pratiques sur la fa\u00e7on d\u2019arriver \u00e0 avoir et \u00e0 maintenir un esprit sain dans un corps sain.","og_url":"https:\/\/www.aidscanada.ca\/fr\/resource\/le-vih-et-le-bien-etre-emotionnel\/","og_site_name":"SIDA Canada","twitter_card":"summary_large_image","schema":{"@context":"https:\/\/schema.org","@graph":[{"@type":"WebPage","@id":"https:\/\/www.aidscanada.ca\/fr\/resource\/le-vih-et-le-bien-etre-emotionnel\/","url":"https:\/\/www.aidscanada.ca\/fr\/resource\/le-vih-et-le-bien-etre-emotionnel\/","name":"Le VIH et le bien-\u00eatre \u00e9motionnel - SIDA Canada","isPartOf":{"@id":"https:\/\/www.aidscanada.ca\/fr\/#website"},"datePublished":"2024-07-18T21:36:19+00:00","breadcrumb":{"@id":"https:\/\/www.aidscanada.ca\/fr\/resource\/le-vih-et-le-bien-etre-emotionnel\/#breadcrumb"},"inLanguage":"fr-FR","potentialAction":[{"@type":"ReadAction","target":["https:\/\/www.aidscanada.ca\/fr\/resource\/le-vih-et-le-bien-etre-emotionnel\/"]}]},{"@type":"BreadcrumbList","@id":"https:\/\/www.aidscanada.ca\/fr\/resource\/le-vih-et-le-bien-etre-emotionnel\/#breadcrumb","itemListElement":[{"@type":"ListItem","position":1,"name":"Accueil","item":"https:\/\/www.aidscanada.ca\/fr\/"},{"@type":"ListItem","position":2,"name":"Les personnes","item":"https:\/\/www.aidscanada.ca\/fr\/topic\/les-personnes\/"},{"@type":"ListItem","position":3,"name":"Le VIH et le bien-\u00eatre \u00e9motionnel"}]},{"@type":"WebSite","@id":"https:\/\/www.aidscanada.ca\/fr\/#website","url":"https:\/\/www.aidscanada.ca\/fr\/","name":"AIDS Canada","description":"Empowering Communities: Leaving No One Behind","publisher":{"@id":"https:\/\/www.aidscanada.ca\/fr\/#organization"},"potentialAction":[{"@type":"SearchAction","target":{"@type":"EntryPoint","urlTemplate":"https:\/\/www.aidscanada.ca\/fr\/?s={search_term_string}"},"query-input":{"@type":"PropertyValueSpecification","valueRequired":true,"valueName":"search_term_string"}}],"inLanguage":"fr-FR"},{"@type":"Organization","@id":"https:\/\/www.aidscanada.ca\/fr\/#organization","name":"AIDS Canada","url":"https:\/\/www.aidscanada.ca\/fr\/","logo":{"@type":"ImageObject","inLanguage":"fr-FR","@id":"https:\/\/www.aidscanada.ca\/fr\/#\/schema\/logo\/image\/","url":"https:\/\/www.aidscanada.ca\/wp-content\/uploads\/2025\/01\/cropped-leaf-1.png","contentUrl":"https:\/\/www.aidscanada.ca\/wp-content\/uploads\/2025\/01\/cropped-leaf-1.png","width":512,"height":512,"caption":"AIDS Canada"},"image":{"@id":"https:\/\/www.aidscanada.ca\/fr\/#\/schema\/logo\/image\/"}}]}},"_links":{"self":[{"href":"https:\/\/www.aidscanada.ca\/fr\/wp-json\/wp\/v2\/resource\/1123","targetHints":{"allow":["GET"]}}],"collection":[{"href":"https:\/\/www.aidscanada.ca\/fr\/wp-json\/wp\/v2\/resource"}],"about":[{"href":"https:\/\/www.aidscanada.ca\/fr\/wp-json\/wp\/v2\/types\/resource"}],"wp:attachment":[{"href":"https:\/\/www.aidscanada.ca\/fr\/wp-json\/wp\/v2\/media?parent=1123"}],"wp:term":[{"taxonomy":"conference-year","embeddable":true,"href":"https:\/\/www.aidscanada.ca\/fr\/wp-json\/wp\/v2\/conference-year?post=1123"},{"taxonomy":"intended-audience","embeddable":true,"href":"https:\/\/www.aidscanada.ca\/fr\/wp-json\/wp\/v2\/intended-audience?post=1123"},{"taxonomy":"priority-population","embeddable":true,"href":"https:\/\/www.aidscanada.ca\/fr\/wp-json\/wp\/v2\/priority-population?post=1123"},{"taxonomy":"resource-language","embeddable":true,"href":"https:\/\/www.aidscanada.ca\/fr\/wp-json\/wp\/v2\/resource-language?post=1123"},{"taxonomy":"source","embeddable":true,"href":"https:\/\/www.aidscanada.ca\/fr\/wp-json\/wp\/v2\/source?post=1123"},{"taxonomy":"topic","embeddable":true,"href":"https:\/\/www.aidscanada.ca\/fr\/wp-json\/wp\/v2\/topic?post=1123"}],"curies":[{"name":"wp","href":"https:\/\/api.w.org\/{rel}","templated":true}]}}